{"id":2086,"date":"2025-10-23T10:50:25","date_gmt":"2025-10-23T10:50:25","guid":{"rendered":"https:\/\/utk.ee\/ettevottest\/"},"modified":"2026-04-29T18:14:09","modified_gmt":"2026-04-29T18:14:09","slug":"ettevottest","status":"publish","type":"page","link":"https:\/\/utk.ee\/en\/ettevottest\/","title":{"rendered":"Ettev\u00f5ttest"},"content":{"rendered":"\t\t<div data-elementor-type=\"wp-page\" data-elementor-id=\"2086\" class=\"elementor elementor-2086 elementor-1905\" data-elementor-settings=\"{&quot;element_pack_global_tooltip_width&quot;:{&quot;unit&quot;:&quot;px&quot;,&quot;size&quot;:&quot;&quot;,&quot;sizes&quot;:[]},&quot;element_pack_global_tooltip_width_tablet&quot;:{&quot;unit&quot;:&quot;px&quot;,&quot;size&quot;:&quot;&quot;,&quot;sizes&quot;:[]},&quot;element_pack_global_tooltip_width_mobile&quot;:{&quot;unit&quot;:&quot;px&quot;,&quot;size&quot;:&quot;&quot;,&quot;sizes&quot;:[]},&quot;element_pack_global_tooltip_padding&quot;:{&quot;unit&quot;:&quot;px&quot;,&quot;top&quot;:&quot;&quot;,&quot;right&quot;:&quot;&quot;,&quot;bottom&quot;:&quot;&quot;,&quot;left&quot;:&quot;&quot;,&quot;isLinked&quot;:true},&quot;element_pack_global_tooltip_padding_tablet&quot;:{&quot;unit&quot;:&quot;px&quot;,&quot;top&quot;:&quot;&quot;,&quot;right&quot;:&quot;&quot;,&quot;bottom&quot;:&quot;&quot;,&quot;left&quot;:&quot;&quot;,&quot;isLinked&quot;:true},&quot;element_pack_global_tooltip_padding_mobile&quot;:{&quot;unit&quot;:&quot;px&quot;,&quot;top&quot;:&quot;&quot;,&quot;right&quot;:&quot;&quot;,&quot;bottom&quot;:&quot;&quot;,&quot;left&quot;:&quot;&quot;,&quot;isLinked&quot;:true},&quot;element_pack_global_tooltip_border_radius&quot;:{&quot;unit&quot;:&quot;px&quot;,&quot;top&quot;:&quot;&quot;,&quot;right&quot;:&quot;&quot;,&quot;bottom&quot;:&quot;&quot;,&quot;left&quot;:&quot;&quot;,&quot;isLinked&quot;:true},&quot;element_pack_global_tooltip_border_radius_tablet&quot;:{&quot;unit&quot;:&quot;px&quot;,&quot;top&quot;:&quot;&quot;,&quot;right&quot;:&quot;&quot;,&quot;bottom&quot;:&quot;&quot;,&quot;left&quot;:&quot;&quot;,&quot;isLinked&quot;:true},&quot;element_pack_global_tooltip_border_radius_mobile&quot;:{&quot;unit&quot;:&quot;px&quot;,&quot;top&quot;:&quot;&quot;,&quot;right&quot;:&quot;&quot;,&quot;bottom&quot;:&quot;&quot;,&quot;left&quot;:&quot;&quot;,&quot;isLinked&quot;:true}}\" wpc-filter-elementor-widget=\"1\" data-elementor-post-type=\"page\">\n\t\t\t\t\t\t<div class=\"elementor-section elementor-top-section elementor-element elementor-element-2dd907d elementor-section-boxed elementor-section-height-default elementor-section-height-default\" data-id=\"2dd907d\" data-element_type=\"section\" data-e-type=\"section\" data-settings=\"{&quot;background_background&quot;:&quot;classic&quot;}\">\n\t\t\t\t\t\t<div class=\"elementor-container elementor-column-gap-default\">\n\t\t\t\t\t<div class=\"elementor-column elementor-col-100 elementor-top-column elementor-element elementor-element-4cb5b49\" data-id=\"4cb5b49\" data-element_type=\"column\" data-e-type=\"column\">\n\t\t\t<div class=\"elementor-widget-wrap elementor-element-populated\">\n\t\t\t\t\t\t<div class=\"elementor-element elementor-element-836201c animated-fast elementor-widget elementor-widget-heading\" data-id=\"836201c\" data-element_type=\"widget\" data-e-type=\"widget\" data-settings=\"{&quot;_animation_delay&quot;:0}\" data-widget_type=\"heading.default\">\n\t\t\t\t\t<h1 class=\"elementor-heading-title elementor-size-default\">Meist<\/h1>\t\t\t\t<\/div>\n\t\t\t\t<div class=\"elementor-element elementor-element-83c2cc9 elementor-widget__width-initial elementor-widget-tablet__width-initial elementor-widget-mobile__width-inherit elementor-widget elementor-widget-text-editor\" data-id=\"83c2cc9\" data-element_type=\"widget\" data-e-type=\"widget\" data-settings=\"{&quot;_animation&quot;:&quot;none&quot;,&quot;_animation_delay&quot;:240}\" data-widget_type=\"text-editor.default\">\n\t\t\t\t\t\t\t\t\t<p class=\"p1\">\u00dclemiste Tervisekliinik kasvas aastal 2026 v\u00e4lja kahe tugeva ettev\u00f5tte, Terviseuuringud ja \u00dclemiste F\u00fcsioteraapiakliinik \u00fchinemisel. Kliinikul on 3 peamist osakonda: f\u00fcsioteraapia, terviseuuringud ja muud tervist toetavad-taastavad teenused.<\/p>\n<p class=\"p1\">Fookuses on t\u00f5endusp\u00f5hine, inimkeskne, professionaalne ja terviklik l\u00e4henemine. Lisaks on \u00dclemiste Tervisekliinik maailma juhtivate meditsiiniliste tugisidemete, kompressioontoodete ja ortooside kaubam\u00e4rgi Bauerfeind ametlik edasim\u00fc\u00fcja Eestis.<\/p>\t\t\t\t\t\t\t\t<\/div>\n\t\t\t\t\t<\/div>\n\t\t<\/div>\n\t\t\t\t\t<\/div>\n\t\t<\/div>\n\t\t\t\t<div class=\"elementor-section elementor-top-section elementor-element elementor-element-5f395c6 elementor-section-boxed elementor-section-height-default elementor-section-height-default\" data-id=\"5f395c6\" data-element_type=\"section\" data-e-type=\"section\" data-settings=\"{&quot;background_background&quot;:&quot;classic&quot;}\">\n\t\t\t\t\t\t\t<div class=\"elementor-background-overlay\"><\/div>\n\t\t\t\t\t\t\t<div class=\"elementor-container elementor-column-gap-default\">\n\t\t\t\t\t<div class=\"elementor-column elementor-col-100 elementor-top-column elementor-element elementor-element-d3e86f3\" data-id=\"d3e86f3\" data-element_type=\"column\" data-e-type=\"column\">\n\t\t\t<div class=\"elementor-widget-wrap elementor-element-populated\">\n\t\t\t\t<div class=\"elementor-element elementor-element-e318b44 e-grid e-con-boxed e-con e-parent\" data-id=\"e318b44\" data-element_type=\"container\" data-e-type=\"container\">\n\t\t\t\t\t<div class=\"e-con-inner\">\n\t\t\t\t<div class=\"elementor-element elementor-element-79b0ba5 elementor-widget elementor-widget-text-editor\" data-id=\"79b0ba5\" data-element_type=\"widget\" data-e-type=\"widget\" data-widget_type=\"text-editor.default\">\n\t\t\t\t\t\t\t\t\t<p>\u00a0<strong>Terviseuuringute osakond <\/strong>on \u00dclemiste Tervisekliiniku k\u00f5ige vanem \u00fcksus, mis loodi augustis 2014. Sama aasta s\u00fcgisel saadi EASist ja Kredexist toetust meditsiiniseadmete ostuks ning Terviseamet v\u00e4ljastas <strong>tegevusloa (L03907)<\/strong>. Pidevalt on osaletud erialastel koolitustel nii Eestis kui ka v\u00e4ljaspool.<\/p><p>Peamised seadmed, mida terviseuuringutes kasutame, on \u0160veitsist p\u00e4rit <strong>maailma juhtivalt meditsiiniseadmeid valmistavalt ettev\u00f5ttelt Schiller<\/strong>. Sama ettev\u00f5tte seadmetega teostatakse terviseuuringuid n\u00e4iteks FC Barcelona ja Machester United spordiklubides ja paljudes tuntud haiglates.<\/p><p>Terviseuuringute osakond on spetsialiseerunud elektrokardiograafia (EKG) koormustestidele, vere kliinilise ja biokeemilistele uuringutele ehk inimkeha peamiste organite\u00a0\u00a0funktsionaalsele diagnostikale ja anal\u00fc\u00fcsimisele.<\/p><p>Uuringud on preventiivsed ja suunatud peamiselt tervetele inimestele, kes hoolivad oma tervisest. Samas v\u00f5ib meie poole p\u00f6\u00f6rduda k\u00fcsimuse v\u00f5i probleemiga &#8211; anname nii konsultatiivset ekspertn\u00f5u kui tegeleme ka haiguste diagnoosimisega.<\/p><p>\u00a0<\/p>\t\t\t\t\t\t\t\t<\/div>\n\t\t\t\t<div class=\"elementor-element elementor-element-3be8444 elementor-widget elementor-widget-text-editor\" data-id=\"3be8444\" data-element_type=\"widget\" data-e-type=\"widget\" data-widget_type=\"text-editor.default\">\n\t\t\t\t\t\t\t\t\t<p class=\"p1\"><strong>\u00dclemiste F\u00fcsioteraapiakliinik<\/strong> on tervisekliiniku k\u00f5ige suurem \u00fcksus, \u00fchendades endas p\u00f5hjalikud teadmised ja oskused, t\u00f5endusp\u00f5hise l\u00e4henemise ning p\u00fchendumise, et leida parimad lahendused Sinu tervise heaks.<\/p><p class=\"p1\">F\u00fcsioterapeutide meeskonnas t\u00f6\u00f6tab mitmeid spetsialiste, kes on f\u00fcsioteraapia alal pikaajalise ja mitmek\u00fclgse kogemusega. Peame oluliseks personaalset l\u00e4henemist ja avatud suhtlust patsiendiga. Parima tulemuse saavutamiseks teeme vajadusel tihedat koost\u00f6\u00f6d pere- ja eriarstidega.<\/p><p class=\"p1\"><b>Mille poolest kliinik eristub:<\/b><b><\/b><\/p><ul><li>kogenud spetsialistid erinevates f\u00fcsioteraapia valdkondades<\/li><li>t\u00f5endusp\u00f5hised meetodid<\/li><li>s\u00f5bralik ja toetav \u00f5hkkond<\/li><li>kaasaegsed ruumid ja mugav asukoht<\/li><li>v\u00f5imalus saada teenust nii Tervisekassa toel (saatekirjaga) kui tasulisena<\/li><\/ul><p><strong>Muude toetavate terviseteenuste \u00fcksus<\/strong> loodi aasta 2026 alguses, et pakkuda veelgi terviklikumat ja laiap\u00f5hjalisemat abi. Lisandusid t\u00e4iendavad teenused nagu massaa\u017e, kogu keha kr\u00fcoteraapia, floating ja toitumisn\u00f5ustamine.<\/p>\t\t\t\t\t\t\t\t<\/div>\n\t\t\t\t\t<\/div>\n\t\t\t\t<\/div>\n\t\t\t\t\t<\/div>\n\t\t<\/div>\n\t\t\t\t\t<\/div>\n\t\t<\/div>\n\t\t\t\t<div class=\"elementor-section elementor-top-section elementor-element elementor-element-c95ac92 elementor-section-boxed elementor-section-height-default elementor-section-height-default\" data-id=\"c95ac92\" data-element_type=\"section\" data-e-type=\"section\" data-settings=\"{&quot;background_background&quot;:&quot;classic&quot;}\">\n\t\t\t\t\t\t\t<div class=\"elementor-background-overlay\"><\/div>\n\t\t\t\t\t\t\t<div class=\"elementor-container elementor-column-gap-default\">\n\t\t\t\t\t<div class=\"elementor-column elementor-col-100 elementor-top-column elementor-element elementor-element-fc0c33c\" data-id=\"fc0c33c\" data-element_type=\"column\" data-e-type=\"column\">\n\t\t\t<div class=\"elementor-widget-wrap elementor-element-populated\">\n\t\t\t\t\t\t<div class=\"elementor-element elementor-element-77f1c2f elementor-widget elementor-widget-heading\" data-id=\"77f1c2f\" data-element_type=\"widget\" data-e-type=\"widget\" data-widget_type=\"heading.default\">\n\t\t\t\t\t<h2 class=\"elementor-heading-title elementor-size-default\">Eriarstid ja spetsialistid<\/h2>\t\t\t\t<\/div>\n\t\t\t\t<section class=\"ep-section-eql-height elementor-section elementor-inner-section elementor-element elementor-element-54bb862 elementor-section-boxed elementor-section-height-default elementor-section-height-default\" bdt-height-match=\"target: .ep-section-eql-height .elementor-element .elementor-widget\" data-id=\"54bb862\" data-element_type=\"section\" data-e-type=\"section\" data-settings=\"{&quot;background_background&quot;:&quot;classic&quot;}\">\n\t\t\t\t\t\t<div class=\"elementor-container elementor-column-gap-default\">\n\t\t\t\t\t<div class=\"elementor-column elementor-col-33 elementor-inner-column elementor-element elementor-element-569d86e\" data-id=\"569d86e\" data-element_type=\"column\" data-e-type=\"column\">\n\t\t\t<div class=\"elementor-widget-wrap elementor-element-populated\">\n\t\t\t\t\t\t<div class=\"elementor-element elementor-element-d05f08f bdt-icon-type-image bdt-ep-advanced-icon-box-readmore-fullwidth-yes elementor-position-top bdt-icon-effect-none elementor-widget elementor-widget-bdt-advanced-icon-box\" data-id=\"d05f08f\" data-element_type=\"widget\" data-e-type=\"widget\" data-widget_type=\"bdt-advanced-icon-box.default\">\n\t\t\t\t\t\t\t<div class=\"bdt-ep-advanced-icon-box\">\n\n\t\t\t\t\t\t\t\n\t\t\t\t\t<div class=\"bdt-ep-advanced-icon-box-icon\">\n\t\t\t\t<span class=\"bdt-ep-advanced-icon-box-icon-wrap\">\n\n\n\t\t\t\t\t<img fetchpriority=\"high\" decoding=\"async\" width=\"768\" height=\"512\" src=\"https:\/\/utk.ee\/wp-content\/uploads\/2025\/11\/WEB_095_DR_Entoni-Timmo_Kaart_ametiportree-pildid_Fotograaf-Evelin-Elmest-768x512.jpg\" class=\"attachment-medium_large size-medium_large\" alt=\"Dr Entoni-Timmo K\u00e4\u00e4rt\" srcset=\"https:\/\/utk.ee\/wp-content\/uploads\/2025\/11\/WEB_095_DR_Entoni-Timmo_Kaart_ametiportree-pildid_Fotograaf-Evelin-Elmest-768x512.jpg 768w, https:\/\/utk.ee\/wp-content\/uploads\/2025\/11\/WEB_095_DR_Entoni-Timmo_Kaart_ametiportree-pildid_Fotograaf-Evelin-Elmest-600x400.jpg 600w, https:\/\/utk.ee\/wp-content\/uploads\/2025\/11\/WEB_095_DR_Entoni-Timmo_Kaart_ametiportree-pildid_Fotograaf-Evelin-Elmest-300x200.jpg 300w, https:\/\/utk.ee\/wp-content\/uploads\/2025\/11\/WEB_095_DR_Entoni-Timmo_Kaart_ametiportree-pildid_Fotograaf-Evelin-Elmest-1024x683.jpg 1024w, https:\/\/utk.ee\/wp-content\/uploads\/2025\/11\/WEB_095_DR_Entoni-Timmo_Kaart_ametiportree-pildid_Fotograaf-Evelin-Elmest-1536x1024.jpg 1536w, https:\/\/utk.ee\/wp-content\/uploads\/2025\/11\/WEB_095_DR_Entoni-Timmo_Kaart_ametiportree-pildid_Fotograaf-Evelin-Elmest-650x433.jpg 650w, https:\/\/utk.ee\/wp-content\/uploads\/2025\/11\/WEB_095_DR_Entoni-Timmo_Kaart_ametiportree-pildid_Fotograaf-Evelin-Elmest.jpg 2048w\" sizes=\"(max-width: 768px) 100vw, 768px\" \/>\t\t\t\t<\/span>\n\t\t\t<\/div>\n\t\t\n\t\t\t\t\n\t\t\t<div class=\"bdt-ep-advanced-icon-box-content\">\n\n\t\t\t\t\t\t\t\t\t\n\t\t\t\t\t<h3 class=\"bdt-ep-advanced-icon-box-title ep-title-\">\n\t\t\t\t<span >\n\t\t\t\t\tDr Entoni-Timmo K\u00e4\u00e4rt\t\t\t\t<\/span>\n\t\t\t<\/h3>\n\t\t\n\n\t\t\t\t\t<div class=\"bdt-ep-advanced-icon-box-sub-title\">\n\t\t\t\tArst. T\u00f6\u00f6keeled: eesti, inglise, vene.\t\t\t<\/div>\n\t\t\n\t\t\t\t\t\n\t\t\t\t\n\t\t\t\t\t\t\t\t\t<div class=\"bdt-ep-advanced-icon-box-description\">\n\t\t\t\t\t\t<p class=\"p1\">Entoni-Timmo on l\u00f5petanud Tartu \u00dclikoolis arstiteaduskonna ja on praegu l\u00e4bimas radioloogia residentuuri. Residendina on ta t\u00f6\u00f6tanud k\u00f5ikides Tallinna suuremates haiglates (PERH, ITK ja LTKH) ning \u00fcldarstina ka Soomes. <a href=\"https:\/\/utk.ee\/entoni-timmo-kaart-arst\/\"><strong>Loe lisa.<\/strong><\/a><\/p>\t\t\t\t\t<\/div>\n\t\t\t\t\n\t\t\t\t\t\t\t\t\t<a class=\"bdt-ep-advanced-icon-box-readmore bdt-display-inline-block\" href=\"https:\/\/connectedserver.eu\/ConnectedOnlineX\/default.aspx?key=SpASRgH6&#038;lang=et\">\n\t\t\t\t\t\tBroneeri aeg\n\t\t\t\t\t\t\n\t\t\t\t\t\t\t<span class=\"bdt-button-icon-align-right\">\n\n\t\t\t\t\t\t\t\t<i aria-hidden=\"true\" class=\"fa-fw ti ti-angle-right\"><\/i>\n\t\t\t\t\t\t\t<\/span>\n\n\t\t\t\t\t\t\t\t\t\t\t<\/a>\n\t\t\t\t\t\t\t<\/div>\n\t\t<\/div>\n\n\t\t\n\t\t\n\t\t\t\t<\/div>\n\t\t\t\t\t<\/div>\n\t\t<\/div>\n\t\t\t\t<div class=\"elementor-column elementor-col-33 elementor-inner-column elementor-element elementor-element-63234f4\" data-id=\"63234f4\" data-element_type=\"column\" data-e-type=\"column\">\n\t\t\t<div class=\"elementor-widget-wrap elementor-element-populated\">\n\t\t\t\t\t\t<div class=\"elementor-element elementor-element-17469e2 bdt-icon-type-image bdt-ep-advanced-icon-box-readmore-fullwidth-yes elementor-position-top bdt-icon-effect-none elementor-widget elementor-widget-bdt-advanced-icon-box\" data-id=\"17469e2\" data-element_type=\"widget\" data-e-type=\"widget\" data-widget_type=\"bdt-advanced-icon-box.default\">\n\t\t\t\t\t\t\t<div class=\"bdt-ep-advanced-icon-box\">\n\n\t\t\t\t\t\t\t\n\t\t\t\t\t<div class=\"bdt-ep-advanced-icon-box-icon\">\n\t\t\t\t<span class=\"bdt-ep-advanced-icon-box-icon-wrap\">\n\n\n\t\t\t\t\t<img decoding=\"async\" width=\"768\" height=\"512\" src=\"https:\/\/utk.ee\/wp-content\/uploads\/2025\/11\/WEB_033_DR_Jevgeni_Serov_ametiportree-pildid_Fotograaf-Evelin-Elmest-768x512.jpg\" class=\"attachment-medium_large size-medium_large\" alt=\"Dr Jevgeni Serov\" srcset=\"https:\/\/utk.ee\/wp-content\/uploads\/2025\/11\/WEB_033_DR_Jevgeni_Serov_ametiportree-pildid_Fotograaf-Evelin-Elmest-768x512.jpg 768w, https:\/\/utk.ee\/wp-content\/uploads\/2025\/11\/WEB_033_DR_Jevgeni_Serov_ametiportree-pildid_Fotograaf-Evelin-Elmest-600x400.jpg 600w, https:\/\/utk.ee\/wp-content\/uploads\/2025\/11\/WEB_033_DR_Jevgeni_Serov_ametiportree-pildid_Fotograaf-Evelin-Elmest-300x200.jpg 300w, https:\/\/utk.ee\/wp-content\/uploads\/2025\/11\/WEB_033_DR_Jevgeni_Serov_ametiportree-pildid_Fotograaf-Evelin-Elmest-1024x683.jpg 1024w, https:\/\/utk.ee\/wp-content\/uploads\/2025\/11\/WEB_033_DR_Jevgeni_Serov_ametiportree-pildid_Fotograaf-Evelin-Elmest-1536x1024.jpg 1536w, https:\/\/utk.ee\/wp-content\/uploads\/2025\/11\/WEB_033_DR_Jevgeni_Serov_ametiportree-pildid_Fotograaf-Evelin-Elmest-650x433.jpg 650w, https:\/\/utk.ee\/wp-content\/uploads\/2025\/11\/WEB_033_DR_Jevgeni_Serov_ametiportree-pildid_Fotograaf-Evelin-Elmest.jpg 2048w\" sizes=\"(max-width: 768px) 100vw, 768px\" \/>\t\t\t\t<\/span>\n\t\t\t<\/div>\n\t\t\n\t\t\t\t\n\t\t\t<div class=\"bdt-ep-advanced-icon-box-content\">\n\n\t\t\t\t\t\t\t\t\t\n\t\t\t\t\t<h3 class=\"bdt-ep-advanced-icon-box-title ep-title-\">\n\t\t\t\t<span >\n\t\t\t\t\tDr Jevgeni Serov\t\t\t\t<\/span>\n\t\t\t<\/h3>\n\t\t\n\n\t\t\t\t\t<div class=\"bdt-ep-advanced-icon-box-sub-title\">\n\t\t\t\tEriarst, anestesioloog. T\u00f6\u00f6keeled: eesti, vene, inglise, soome.\t\t\t<\/div>\n\t\t\n\t\t\t\t\t\n\t\t\t\t\n\t\t\t\t\t\t\t\t\t<div class=\"bdt-ep-advanced-icon-box-description\">\n\t\t\t\t\t\t<p class=\"p1\">Jevgeni on l\u00f5petanud Tartu \u00dclikooli arstiteaduskonna anestesioloogia ja intensiivravi erialal. Ta on mitu aastat t\u00f6\u00f6tanud nii \u00fcld- kui eriarstina Eesti ja Soome haiglates. <a href=\"https:\/\/utk.ee\/jevgeni-serov-eriarst\/\"><strong>Loe lisa.<\/strong><\/a><\/p>\t\t\t\t\t<\/div>\n\t\t\t\t\n\t\t\t\t\t\t\t\t\t<a class=\"bdt-ep-advanced-icon-box-readmore bdt-display-inline-block\" href=\"https:\/\/connectedserver.eu\/ConnectedOnlineX\/default.aspx?key=U83RK4yd&#038;lang=et\">\n\t\t\t\t\t\tBroneeri aeg\n\t\t\t\t\t\t\n\t\t\t\t\t\t\t<span class=\"bdt-button-icon-align-right\">\n\n\t\t\t\t\t\t\t\t<i aria-hidden=\"true\" class=\"fa-fw ti ti-angle-right\"><\/i>\n\t\t\t\t\t\t\t<\/span>\n\n\t\t\t\t\t\t\t\t\t\t\t<\/a>\n\t\t\t\t\t\t\t<\/div>\n\t\t<\/div>\n\n\t\t\n\t\t\n\t\t\t\t<\/div>\n\t\t\t\t\t<\/div>\n\t\t<\/div>\n\t\t\t\t<div class=\"elementor-column elementor-col-33 elementor-inner-column elementor-element elementor-element-a06d9c5\" data-id=\"a06d9c5\" data-element_type=\"column\" data-e-type=\"column\">\n\t\t\t<div class=\"elementor-widget-wrap elementor-element-populated\">\n\t\t\t\t\t\t<div class=\"elementor-element elementor-element-8d23e70 bdt-icon-type-image elementor-position-top bdt-icon-effect-none elementor-widget elementor-widget-bdt-advanced-icon-box\" data-id=\"8d23e70\" data-element_type=\"widget\" data-e-type=\"widget\" data-widget_type=\"bdt-advanced-icon-box.default\">\n\t\t\t\t\t\t\t<div class=\"bdt-ep-advanced-icon-box\">\n\n\t\t\t\t\t\t\t\n\t\t\t\t\t<div class=\"bdt-ep-advanced-icon-box-icon\">\n\t\t\t\t<span class=\"bdt-ep-advanced-icon-box-icon-wrap\">\n\n\n\t\t\t\t\t<img decoding=\"async\" width=\"768\" height=\"512\" src=\"https:\/\/utk.ee\/wp-content\/uploads\/2025\/11\/WEB_181_DR_Egle_Seppo_ametiportree-pildid_Fotograaf-Evelin-Elmest-768x512.jpg\" class=\"attachment-medium_large size-medium_large\" alt=\"Dr Egle Seppo\" srcset=\"https:\/\/utk.ee\/wp-content\/uploads\/2025\/11\/WEB_181_DR_Egle_Seppo_ametiportree-pildid_Fotograaf-Evelin-Elmest-768x512.jpg 768w, https:\/\/utk.ee\/wp-content\/uploads\/2025\/11\/WEB_181_DR_Egle_Seppo_ametiportree-pildid_Fotograaf-Evelin-Elmest-600x400.jpg 600w, https:\/\/utk.ee\/wp-content\/uploads\/2025\/11\/WEB_181_DR_Egle_Seppo_ametiportree-pildid_Fotograaf-Evelin-Elmest-300x200.jpg 300w, https:\/\/utk.ee\/wp-content\/uploads\/2025\/11\/WEB_181_DR_Egle_Seppo_ametiportree-pildid_Fotograaf-Evelin-Elmest-1024x683.jpg 1024w, https:\/\/utk.ee\/wp-content\/uploads\/2025\/11\/WEB_181_DR_Egle_Seppo_ametiportree-pildid_Fotograaf-Evelin-Elmest-1536x1024.jpg 1536w, https:\/\/utk.ee\/wp-content\/uploads\/2025\/11\/WEB_181_DR_Egle_Seppo_ametiportree-pildid_Fotograaf-Evelin-Elmest-650x433.jpg 650w, https:\/\/utk.ee\/wp-content\/uploads\/2025\/11\/WEB_181_DR_Egle_Seppo_ametiportree-pildid_Fotograaf-Evelin-Elmest.jpg 2048w\" sizes=\"(max-width: 768px) 100vw, 768px\" \/>\t\t\t\t<\/span>\n\t\t\t<\/div>\n\t\t\n\t\t\t\t\n\t\t\t<div class=\"bdt-ep-advanced-icon-box-content\">\n\n\t\t\t\t\t\t\t\t\t\n\t\t\t\t\t<h3 class=\"bdt-ep-advanced-icon-box-title ep-title-\">\n\t\t\t\t<span >\n\t\t\t\t\tDr Egle Seppo\t\t\t\t<\/span>\n\t\t\t<\/h3>\n\t\t\n\n\t\t\t\t\t<div class=\"bdt-ep-advanced-icon-box-sub-title\">\n\t\t\t\tTaastusarst. T\u00f6\u00f6keeled: eesti, inglise.\t\t\t<\/div>\n\t\t\n\t\t\t\t\t\n\t\t\t\t\n\t\t\t\t\t\t\t\t\t<div class=\"bdt-ep-advanced-icon-box-description\">\n\t\t\t\t\t\t<p><strong><a href=\"https:\/\/utk.ee\/egle-seppo-taastusarst\">Loe lisa.<\/a><\/strong><\/p>\t\t\t\t\t<\/div>\n\t\t\t\t\n\t\t\t\t\t\t\t<\/div>\n\t\t<\/div>\n\n\t\t\n\t\t\n\t\t\t\t<\/div>\n\t\t\t\t\t<\/div>\n\t\t<\/div>\n\t\t\t\t\t<\/div>\n\t\t<\/section>\n\t\t\t\t<section class=\"ep-section-eql-height elementor-section elementor-inner-section elementor-element elementor-element-2d4c6b8 elementor-section-boxed elementor-section-height-default elementor-section-height-default\" bdt-height-match=\"target: .ep-section-eql-height .elementor-element .elementor-widget\" data-id=\"2d4c6b8\" data-element_type=\"section\" data-e-type=\"section\" data-settings=\"{&quot;background_background&quot;:&quot;classic&quot;}\">\n\t\t\t\t\t\t<div class=\"elementor-container elementor-column-gap-default\">\n\t\t\t\t\t<div class=\"elementor-column elementor-col-33 elementor-inner-column elementor-element elementor-element-d330b59\" data-id=\"d330b59\" data-element_type=\"column\" data-e-type=\"column\">\n\t\t\t<div class=\"elementor-widget-wrap elementor-element-populated\">\n\t\t\t\t\t\t<div class=\"elementor-element elementor-element-4b3109c bdt-icon-type-image elementor-position-top bdt-icon-effect-none elementor-widget elementor-widget-bdt-advanced-icon-box\" data-id=\"4b3109c\" data-element_type=\"widget\" data-e-type=\"widget\" data-widget_type=\"bdt-advanced-icon-box.default\">\n\t\t\t\t\t\t\t<div class=\"bdt-ep-advanced-icon-box\">\n\n\t\t\t\t\t\t\t\n\t\t\t\t\t<div class=\"bdt-ep-advanced-icon-box-icon\">\n\t\t\t\t<span class=\"bdt-ep-advanced-icon-box-icon-wrap\">\n\n\n\t\t\t\t\t<img loading=\"lazy\" decoding=\"async\" width=\"768\" height=\"512\" src=\"https:\/\/utk.ee\/wp-content\/uploads\/2025\/11\/placeholder-86-768x512.png\" class=\"attachment-medium_large size-medium_large\" alt=\"Dr Elina Badalyan\" srcset=\"https:\/\/utk.ee\/wp-content\/uploads\/2025\/11\/placeholder-86-768x512.png 768w, https:\/\/utk.ee\/wp-content\/uploads\/2025\/11\/placeholder-86-600x400.png 600w, https:\/\/utk.ee\/wp-content\/uploads\/2025\/11\/placeholder-86-300x200.png 300w, https:\/\/utk.ee\/wp-content\/uploads\/2025\/11\/placeholder-86-1024x683.png 1024w, https:\/\/utk.ee\/wp-content\/uploads\/2025\/11\/placeholder-86-650x433.png 650w, https:\/\/utk.ee\/wp-content\/uploads\/2025\/11\/placeholder-86.png 1200w\" sizes=\"(max-width: 768px) 100vw, 768px\" \/>\t\t\t\t<\/span>\n\t\t\t<\/div>\n\t\t\n\t\t\t\t\n\t\t\t<div class=\"bdt-ep-advanced-icon-box-content\">\n\n\t\t\t\t\t\t\t\t\t\n\t\t\t\t\t<h3 class=\"bdt-ep-advanced-icon-box-title ep-title-\">\n\t\t\t\t<span >\n\t\t\t\t\tDr Elina Badalyan\t\t\t\t<\/span>\n\t\t\t<\/h3>\n\t\t\n\n\t\t\t\t\t<div class=\"bdt-ep-advanced-icon-box-sub-title\">\n\t\t\t\tTaastus- ja spordiarst. T\u00f6\u00f6keeled: eesti, inglise.\t\t\t<\/div>\n\t\t\n\t\t\t\t\t\n\t\t\t\t\n\t\t\t\t\n\t\t\t\t\t\t\t<\/div>\n\t\t<\/div>\n\n\t\t\n\t\t\n\t\t\t\t<\/div>\n\t\t\t\t\t<\/div>\n\t\t<\/div>\n\t\t\t\t<div class=\"elementor-column elementor-col-33 elementor-inner-column elementor-element elementor-element-ca415ca\" data-id=\"ca415ca\" data-element_type=\"column\" data-e-type=\"column\">\n\t\t\t<div class=\"elementor-widget-wrap elementor-element-populated\">\n\t\t\t\t\t\t<div class=\"elementor-element elementor-element-8bad51a bdt-icon-type-image bdt-ep-advanced-icon-box-readmore-fullwidth-yes elementor-position-top bdt-icon-effect-none elementor-widget elementor-widget-bdt-advanced-icon-box\" data-id=\"8bad51a\" data-element_type=\"widget\" data-e-type=\"widget\" data-widget_type=\"bdt-advanced-icon-box.default\">\n\t\t\t\t\t\t\t<div class=\"bdt-ep-advanced-icon-box\">\n\n\t\t\t\t\t\t\t\n\t\t\t\t\t<div class=\"bdt-ep-advanced-icon-box-icon\">\n\t\t\t\t<span class=\"bdt-ep-advanced-icon-box-icon-wrap\">\n\n\n\t\t\t\t\t<img loading=\"lazy\" decoding=\"async\" width=\"768\" height=\"512\" src=\"https:\/\/utk.ee\/wp-content\/uploads\/2026\/02\/Coaching-Jaanus-Jegorov-768x512.jpg\" class=\"attachment-medium_large size-medium_large\" alt=\"Jaanus Jegorov\" srcset=\"https:\/\/utk.ee\/wp-content\/uploads\/2026\/02\/Coaching-Jaanus-Jegorov-768x512.jpg 768w, https:\/\/utk.ee\/wp-content\/uploads\/2026\/02\/Coaching-Jaanus-Jegorov-600x400.jpg 600w, https:\/\/utk.ee\/wp-content\/uploads\/2026\/02\/Coaching-Jaanus-Jegorov-300x200.jpg 300w, https:\/\/utk.ee\/wp-content\/uploads\/2026\/02\/Coaching-Jaanus-Jegorov-1024x683.jpg 1024w, https:\/\/utk.ee\/wp-content\/uploads\/2026\/02\/Coaching-Jaanus-Jegorov-1536x1024.jpg 1536w, https:\/\/utk.ee\/wp-content\/uploads\/2026\/02\/Coaching-Jaanus-Jegorov-650x433.jpg 650w, https:\/\/utk.ee\/wp-content\/uploads\/2026\/02\/Coaching-Jaanus-Jegorov.jpg 2048w\" sizes=\"(max-width: 768px) 100vw, 768px\" \/>\t\t\t\t<\/span>\n\t\t\t<\/div>\n\t\t\n\t\t\t\t\n\t\t\t<div class=\"bdt-ep-advanced-icon-box-content\">\n\n\t\t\t\t\t\t\t\t\t\n\t\t\t\t\t<h3 class=\"bdt-ep-advanced-icon-box-title ep-title-\">\n\t\t\t\t<span >\n\t\t\t\t\tJaanus Jegorov\t\t\t\t<\/span>\n\t\t\t<\/h3>\n\t\t\n\n\t\t\t\t\t<div class=\"bdt-ep-advanced-icon-box-sub-title\">\n\t\t\t\tCoach\t\t\t<\/div>\n\t\t\n\t\t\t\t\t\n\t\t\t\t\n\t\t\t\t\t\t\t\t\t<div class=\"bdt-ep-advanced-icon-box-description\">\n\t\t\t\t\t\t<p>Jaanus on l\u00f5petanud Audentese \u00dclikoolis ps\u00fchholoogia eriala.<span class=\"Apple-converted-space\">\u00a0\u00a0<\/span>Lisaks on ta l\u00f5petanud Ericksoni lahenduskeskse\u00a0<i>coaching<\/i>\u2018u koolitusprogrammi 1. ja 2. taseme \u00f5ppekava, mille on akrediteerinud ICF (<i>International Coaching Federation<\/i>).<\/p><p><a href=\"https:\/\/utk.ee\/heaolu\/coaching\/\"><strong>Loe lisa.<\/strong><\/a><\/p>\t\t\t\t\t<\/div>\n\t\t\t\t\n\t\t\t\t\t\t\t\t\t<a class=\"bdt-ep-advanced-icon-box-readmore bdt-display-inline-block\" href=\"https:\/\/utk.ee\/heaolu\/coaching\/\">\n\t\t\t\t\t\tBroneeri vastuv\u00f5tule\n\t\t\t\t\t\t\n\t\t\t\t\t\t\t<span class=\"bdt-button-icon-align-right\">\n\n\t\t\t\t\t\t\t\t<i aria-hidden=\"true\" class=\"fa-fw ti ti-angle-right\"><\/i>\n\t\t\t\t\t\t\t<\/span>\n\n\t\t\t\t\t\t\t\t\t\t\t<\/a>\n\t\t\t\t\t\t\t<\/div>\n\t\t<\/div>\n\n\t\t\n\t\t\n\t\t\t\t<\/div>\n\t\t\t\t\t<\/div>\n\t\t<\/div>\n\t\t\t\t<div class=\"elementor-column elementor-col-33 elementor-inner-column elementor-element elementor-element-1a38f57\" data-id=\"1a38f57\" data-element_type=\"column\" data-e-type=\"column\">\n\t\t\t<div class=\"elementor-widget-wrap elementor-element-populated\">\n\t\t\t\t\t\t<div class=\"elementor-element elementor-element-2b11bb3 bdt-icon-type-image bdt-ep-advanced-icon-box-readmore-fullwidth-yes elementor-position-top bdt-icon-effect-none elementor-widget elementor-widget-bdt-advanced-icon-box\" data-id=\"2b11bb3\" data-element_type=\"widget\" data-e-type=\"widget\" data-widget_type=\"bdt-advanced-icon-box.default\">\n\t\t\t\t\t\t\t<div class=\"bdt-ep-advanced-icon-box\">\n\n\t\t\t\t\t\t\t\n\t\t\t\t\t<div class=\"bdt-ep-advanced-icon-box-icon\">\n\t\t\t\t<span class=\"bdt-ep-advanced-icon-box-icon-wrap\">\n\n\n\t\t\t\t\t<img loading=\"lazy\" decoding=\"async\" width=\"768\" height=\"512\" src=\"https:\/\/utk.ee\/wp-content\/uploads\/2026\/02\/Toitumisnoustaja-Enid-Udras-768x512.jpg\" class=\"attachment-medium_large size-medium_large\" alt=\"Enid Udras\" srcset=\"https:\/\/utk.ee\/wp-content\/uploads\/2026\/02\/Toitumisnoustaja-Enid-Udras-768x512.jpg 768w, https:\/\/utk.ee\/wp-content\/uploads\/2026\/02\/Toitumisnoustaja-Enid-Udras-600x400.jpg 600w, https:\/\/utk.ee\/wp-content\/uploads\/2026\/02\/Toitumisnoustaja-Enid-Udras-300x200.jpg 300w, https:\/\/utk.ee\/wp-content\/uploads\/2026\/02\/Toitumisnoustaja-Enid-Udras-1024x683.jpg 1024w, https:\/\/utk.ee\/wp-content\/uploads\/2026\/02\/Toitumisnoustaja-Enid-Udras-1536x1024.jpg 1536w, https:\/\/utk.ee\/wp-content\/uploads\/2026\/02\/Toitumisnoustaja-Enid-Udras-650x433.jpg 650w, https:\/\/utk.ee\/wp-content\/uploads\/2026\/02\/Toitumisnoustaja-Enid-Udras.jpg 2048w\" sizes=\"(max-width: 768px) 100vw, 768px\" \/>\t\t\t\t<\/span>\n\t\t\t<\/div>\n\t\t\n\t\t\t\t\n\t\t\t<div class=\"bdt-ep-advanced-icon-box-content\">\n\n\t\t\t\t\t\t\t\t\t\n\t\t\t\t\t<h3 class=\"bdt-ep-advanced-icon-box-title ep-title-\">\n\t\t\t\t<span >\n\t\t\t\t\tEnid Udras\t\t\t\t<\/span>\n\t\t\t<\/h3>\n\t\t\n\n\t\t\t\t\t<div class=\"bdt-ep-advanced-icon-box-sub-title\">\n\t\t\t\tToitumis- ja elustiilin\u00f5ustaja. T\u00f6\u00f6keeled: eesti, inglise.\t\t\t<\/div>\n\t\t\n\t\t\t\t\t\n\t\t\t\t\n\t\t\t\t\t\t\t\t\t<div class=\"bdt-ep-advanced-icon-box-description\">\n\t\t\t\t\t\t<p class=\"p1\">Enid on kogenud toitumisspetsialist, keemiateaduskonna magistrant ja toidutehnoloog, kes on l\u00f5petanud Tallinna Tehnika\u00fclikooli ning toitumisn\u00f5ustaja \u00f5ppe. Enid on aidanud saavutada soovitud tervise-eesm\u00e4rke n\u00fc\u00fcdseks rohkem kui sajal inimesel. <strong><a href=\"https:\/\/utk.ee\/enid-udras-toitumisnoustaja\/\">Loe lisa.<\/a><\/strong><\/p>\t\t\t\t\t<\/div>\n\t\t\t\t\n\t\t\t\t\t\t\t\t\t<a class=\"bdt-ep-advanced-icon-box-readmore bdt-display-inline-block\" href=\"https:\/\/utk.ee\/enid-udras-toitumisnoustaja\/\">\n\t\t\t\t\t\tBroneeri vastuv\u00f5tule\n\t\t\t\t\t\t\n\t\t\t\t\t\t\t<span class=\"bdt-button-icon-align-right\">\n\n\t\t\t\t\t\t\t\t<i aria-hidden=\"true\" class=\"fa-fw ti ti-angle-right\"><\/i>\n\t\t\t\t\t\t\t<\/span>\n\n\t\t\t\t\t\t\t\t\t\t\t<\/a>\n\t\t\t\t\t\t\t<\/div>\n\t\t<\/div>\n\n\t\t\n\t\t\n\t\t\t\t<\/div>\n\t\t\t\t\t<\/div>\n\t\t<\/div>\n\t\t\t\t\t<\/div>\n\t\t<\/section>\n\t\t\t\t<section class=\"ep-section-eql-height elementor-section elementor-inner-section elementor-element elementor-element-1dfad51 elementor-section-boxed elementor-section-height-default elementor-section-height-default\" bdt-height-match=\"target: .ep-section-eql-height .elementor-element .elementor-widget\" data-id=\"1dfad51\" data-element_type=\"section\" data-e-type=\"section\" data-settings=\"{&quot;background_background&quot;:&quot;classic&quot;}\">\n\t\t\t\t\t\t<div class=\"elementor-container elementor-column-gap-default\">\n\t\t\t\t\t<div class=\"elementor-column elementor-col-33 elementor-inner-column elementor-element elementor-element-2c7bf50\" data-id=\"2c7bf50\" data-element_type=\"column\" data-e-type=\"column\">\n\t\t\t<div class=\"elementor-widget-wrap\">\n\t\t\t\t\t\t\t<\/div>\n\t\t<\/div>\n\t\t\t\t<div class=\"elementor-column elementor-col-33 elementor-inner-column elementor-element elementor-element-cb90738\" data-id=\"cb90738\" data-element_type=\"column\" data-e-type=\"column\">\n\t\t\t<div class=\"elementor-widget-wrap\">\n\t\t\t\t\t\t\t<\/div>\n\t\t<\/div>\n\t\t\t\t<div class=\"elementor-column elementor-col-33 elementor-inner-column elementor-element elementor-element-19cd6f8\" data-id=\"19cd6f8\" data-element_type=\"column\" data-e-type=\"column\">\n\t\t\t<div class=\"elementor-widget-wrap\">\n\t\t\t\t\t\t\t<\/div>\n\t\t<\/div>\n\t\t\t\t\t<\/div>\n\t\t<\/section>\n\t\t\t\t<div class=\"elementor-element elementor-element-7e51093 elementor-widget elementor-widget-heading\" data-id=\"7e51093\" data-element_type=\"widget\" data-e-type=\"widget\" data-widget_type=\"heading.default\">\n\t\t\t\t\t<h2 class=\"elementor-heading-title elementor-size-default\">F\u00fcsioterapeudid<\/h2>\t\t\t\t<\/div>\n\t\t\t\t<section class=\"ep-section-eql-height elementor-section elementor-inner-section elementor-element elementor-element-3478963 elementor-section-boxed elementor-section-height-default elementor-section-height-default\" bdt-height-match=\"target: .ep-section-eql-height .elementor-element .elementor-widget\" data-id=\"3478963\" data-element_type=\"section\" data-e-type=\"section\">\n\t\t\t\t\t\t<div class=\"elementor-container elementor-column-gap-default\">\n\t\t\t\t\t<div class=\"elementor-column elementor-col-33 elementor-inner-column elementor-element elementor-element-5500df3\" data-id=\"5500df3\" data-element_type=\"column\" data-e-type=\"column\">\n\t\t\t<div class=\"elementor-widget-wrap elementor-element-populated\">\n\t\t\t\t\t\t<div class=\"elementor-element elementor-element-fbf5b99 bdt-icon-type-image bdt-ep-advanced-icon-box-readmore-fullwidth-yes elementor-position-top bdt-icon-effect-none elementor-widget elementor-widget-bdt-advanced-icon-box\" data-id=\"fbf5b99\" data-element_type=\"widget\" data-e-type=\"widget\" data-widget_type=\"bdt-advanced-icon-box.default\">\n\t\t\t\t\t\t\t<div class=\"bdt-ep-advanced-icon-box\">\n\n\t\t\t\t\t\t\t\n\t\t\t\t\t<div class=\"bdt-ep-advanced-icon-box-icon\">\n\t\t\t\t<span class=\"bdt-ep-advanced-icon-box-icon-wrap\">\n\n\n\t\t\t\t\t<img loading=\"lazy\" decoding=\"async\" width=\"768\" height=\"512\" src=\"https:\/\/utk.ee\/wp-content\/uploads\/2026\/02\/Fusioterapeut-Mona_Mia_Lember-768x512.jpg\" class=\"attachment-medium_large size-medium_large\" alt=\"Mona Mia Lember\" srcset=\"https:\/\/utk.ee\/wp-content\/uploads\/2026\/02\/Fusioterapeut-Mona_Mia_Lember-768x512.jpg 768w, https:\/\/utk.ee\/wp-content\/uploads\/2026\/02\/Fusioterapeut-Mona_Mia_Lember-600x400.jpg 600w, https:\/\/utk.ee\/wp-content\/uploads\/2026\/02\/Fusioterapeut-Mona_Mia_Lember-300x200.jpg 300w, https:\/\/utk.ee\/wp-content\/uploads\/2026\/02\/Fusioterapeut-Mona_Mia_Lember-1024x683.jpg 1024w, https:\/\/utk.ee\/wp-content\/uploads\/2026\/02\/Fusioterapeut-Mona_Mia_Lember-1536x1024.jpg 1536w, https:\/\/utk.ee\/wp-content\/uploads\/2026\/02\/Fusioterapeut-Mona_Mia_Lember-650x433.jpg 650w, https:\/\/utk.ee\/wp-content\/uploads\/2026\/02\/Fusioterapeut-Mona_Mia_Lember.jpg 2048w\" sizes=\"(max-width: 768px) 100vw, 768px\" \/>\t\t\t\t<\/span>\n\t\t\t<\/div>\n\t\t\n\t\t\t\t\n\t\t\t<div class=\"bdt-ep-advanced-icon-box-content\">\n\n\t\t\t\t\t\t\t\t\t\n\t\t\t\t\t<h3 class=\"bdt-ep-advanced-icon-box-title ep-title-\">\n\t\t\t\t<span >\n\t\t\t\t\tMona Mia Lember\t\t\t\t<\/span>\n\t\t\t<\/h3>\n\t\t\n\n\t\t\t\t\t<div class=\"bdt-ep-advanced-icon-box-sub-title\">\n\t\t\t\tF\u00fcsioterapeut. T\u00f6\u00f6keeled: eesti, inglise.\t\t\t<\/div>\n\t\t\n\t\t\t\t\t\n\t\t\t\t\n\t\t\t\t\t\t\t\t\t<div class=\"bdt-ep-advanced-icon-box-description\">\n\t\t\t\t\t\t<p class=\"p1\">Mona Mia on l\u00f5petanud\u00a0<em>cum laude<\/em> Tartu Tervishoiu K\u00f5rgkooli f\u00fcsioteraapia erialal. T\u00f6\u00f6kogemuse ja t\u00e4iend\u00f5ppega on ta spetsialiseerunud vaagnap\u00f5hja f\u00fcsioteraapiale, naiste tervisele ning traumaj\u00e4rgsele f\u00fcsioteraapiale. <a href=\"https:\/\/utk.ee\/mona-mia-lember-fusioterapeut\/\"><strong>Loe lisa.<\/strong><\/a><\/p>\t\t\t\t\t<\/div>\n\t\t\t\t\n\t\t\t\t\t\t\t\t\t<a class=\"bdt-ep-advanced-icon-box-readmore bdt-display-inline-block\" href=\"https:\/\/connectedserver.eu\/ConnectedOnlineX\/default.aspx?key=QG1boIPi&#038;lang=et\">\n\t\t\t\t\t\tBroneeri vastuv\u00f5tule\n\t\t\t\t\t\t\n\t\t\t\t\t\t\t<span class=\"bdt-button-icon-align-right\">\n\n\t\t\t\t\t\t\t\t<i aria-hidden=\"true\" class=\"fa-fw ti ti-angle-right\"><\/i>\n\t\t\t\t\t\t\t<\/span>\n\n\t\t\t\t\t\t\t\t\t\t\t<\/a>\n\t\t\t\t\t\t\t<\/div>\n\t\t<\/div>\n\n\t\t\n\t\t\n\t\t\t\t<\/div>\n\t\t\t\t\t<\/div>\n\t\t<\/div>\n\t\t\t\t<div class=\"elementor-column elementor-col-33 elementor-inner-column elementor-element elementor-element-09f2c2c\" data-id=\"09f2c2c\" data-element_type=\"column\" data-e-type=\"column\">\n\t\t\t<div class=\"elementor-widget-wrap elementor-element-populated\">\n\t\t\t\t\t\t<div class=\"elementor-element elementor-element-88a45b3 bdt-icon-type-image bdt-ep-advanced-icon-box-readmore-fullwidth-yes elementor-position-top bdt-icon-effect-none elementor-widget elementor-widget-bdt-advanced-icon-box\" data-id=\"88a45b3\" data-element_type=\"widget\" data-e-type=\"widget\" data-widget_type=\"bdt-advanced-icon-box.default\">\n\t\t\t\t\t\t\t<div class=\"bdt-ep-advanced-icon-box\">\n\n\t\t\t\t\t\t\t\n\t\t\t\t\t<div class=\"bdt-ep-advanced-icon-box-icon\">\n\t\t\t\t<span class=\"bdt-ep-advanced-icon-box-icon-wrap\">\n\n\n\t\t\t\t\t<img loading=\"lazy\" decoding=\"async\" width=\"768\" height=\"512\" src=\"https:\/\/utk.ee\/wp-content\/uploads\/2026\/02\/Fusioterapeut-Aarto-Pihlapuu-768x512.jpg\" class=\"attachment-medium_large size-medium_large\" alt=\"Aarto Pihlapuu\" srcset=\"https:\/\/utk.ee\/wp-content\/uploads\/2026\/02\/Fusioterapeut-Aarto-Pihlapuu-768x512.jpg 768w, https:\/\/utk.ee\/wp-content\/uploads\/2026\/02\/Fusioterapeut-Aarto-Pihlapuu-600x400.jpg 600w, https:\/\/utk.ee\/wp-content\/uploads\/2026\/02\/Fusioterapeut-Aarto-Pihlapuu-300x200.jpg 300w, https:\/\/utk.ee\/wp-content\/uploads\/2026\/02\/Fusioterapeut-Aarto-Pihlapuu-1024x683.jpg 1024w, https:\/\/utk.ee\/wp-content\/uploads\/2026\/02\/Fusioterapeut-Aarto-Pihlapuu-1536x1024.jpg 1536w, https:\/\/utk.ee\/wp-content\/uploads\/2026\/02\/Fusioterapeut-Aarto-Pihlapuu-650x433.jpg 650w, https:\/\/utk.ee\/wp-content\/uploads\/2026\/02\/Fusioterapeut-Aarto-Pihlapuu.jpg 2048w\" sizes=\"(max-width: 768px) 100vw, 768px\" \/>\t\t\t\t<\/span>\n\t\t\t<\/div>\n\t\t\n\t\t\t\t\n\t\t\t<div class=\"bdt-ep-advanced-icon-box-content\">\n\n\t\t\t\t\t\t\t\t\t\n\t\t\t\t\t<h3 class=\"bdt-ep-advanced-icon-box-title ep-title-\">\n\t\t\t\t<span >\n\t\t\t\t\tAarto Pihlapuu\t\t\t\t<\/span>\n\t\t\t<\/h3>\n\t\t\n\n\t\t\t\t\t<div class=\"bdt-ep-advanced-icon-box-sub-title\">\n\t\t\t\tF\u00fcsioterapeut. T\u00f6\u00f6keeled: eesti, inglise.\t\t\t<\/div>\n\t\t\n\t\t\t\t\t\n\t\t\t\t\n\t\t\t\t\t\t\t\t\t<div class=\"bdt-ep-advanced-icon-box-description\">\n\t\t\t\t\t\t<p>Aarto on omandanud bakalaureuse kraadi Euroopa F\u00fcsioteraapia Koolis (<i>European School of Physiotherapy<\/i>), mis kuulub Amsterdami Rakendusteaduste \u00dclikooli (<i>Amsterdam University of Applied Sciences<\/i>) koosseisu. <a href=\"https:\/\/utk.ee\/aarto-pihlapuu-fusioterapeut\/\"><strong>Loe lisa.<\/strong><\/a><\/p>\t\t\t\t\t<\/div>\n\t\t\t\t\n\t\t\t\t\t\t\t\t\t<a class=\"bdt-ep-advanced-icon-box-readmore bdt-display-inline-block\" href=\"https:\/\/connectedserver.eu\/ConnectedOnlineX\/default.aspx?key=d0lm8yfG&#038;lang=et\">\n\t\t\t\t\t\tBroneeri vastuv\u00f5tule\n\t\t\t\t\t\t\n\t\t\t\t\t\t\t<span class=\"bdt-button-icon-align-right\">\n\n\t\t\t\t\t\t\t\t<i aria-hidden=\"true\" class=\"fa-fw ti ti-angle-right\"><\/i>\n\t\t\t\t\t\t\t<\/span>\n\n\t\t\t\t\t\t\t\t\t\t\t<\/a>\n\t\t\t\t\t\t\t<\/div>\n\t\t<\/div>\n\n\t\t\n\t\t\n\t\t\t\t<\/div>\n\t\t\t\t\t<\/div>\n\t\t<\/div>\n\t\t\t\t<div class=\"elementor-column elementor-col-33 elementor-inner-column elementor-element elementor-element-1b546af\" data-id=\"1b546af\" data-element_type=\"column\" data-e-type=\"column\">\n\t\t\t<div class=\"elementor-widget-wrap elementor-element-populated\">\n\t\t\t\t\t\t<div class=\"elementor-element elementor-element-4fd77a8 bdt-icon-type-image bdt-ep-advanced-icon-box-readmore-fullwidth-yes elementor-position-top bdt-icon-effect-none elementor-widget elementor-widget-bdt-advanced-icon-box\" data-id=\"4fd77a8\" data-element_type=\"widget\" data-e-type=\"widget\" data-widget_type=\"bdt-advanced-icon-box.default\">\n\t\t\t\t\t\t\t<div class=\"bdt-ep-advanced-icon-box\">\n\n\t\t\t\t\t\t\t\n\t\t\t\t\t<div class=\"bdt-ep-advanced-icon-box-icon\">\n\t\t\t\t<span class=\"bdt-ep-advanced-icon-box-icon-wrap\">\n\n\n\t\t\t\t\t<img loading=\"lazy\" decoding=\"async\" width=\"768\" height=\"512\" src=\"https:\/\/utk.ee\/wp-content\/uploads\/2026\/02\/Liisi-Sagor-Fusioterapeut-768x512.jpg\" class=\"attachment-medium_large size-medium_large\" alt=\"Liisi Sagor\" srcset=\"https:\/\/utk.ee\/wp-content\/uploads\/2026\/02\/Liisi-Sagor-Fusioterapeut-768x512.jpg 768w, https:\/\/utk.ee\/wp-content\/uploads\/2026\/02\/Liisi-Sagor-Fusioterapeut-600x400.jpg 600w, https:\/\/utk.ee\/wp-content\/uploads\/2026\/02\/Liisi-Sagor-Fusioterapeut-300x200.jpg 300w, https:\/\/utk.ee\/wp-content\/uploads\/2026\/02\/Liisi-Sagor-Fusioterapeut-1024x683.jpg 1024w, https:\/\/utk.ee\/wp-content\/uploads\/2026\/02\/Liisi-Sagor-Fusioterapeut-1536x1024.jpg 1536w, https:\/\/utk.ee\/wp-content\/uploads\/2026\/02\/Liisi-Sagor-Fusioterapeut-650x433.jpg 650w, https:\/\/utk.ee\/wp-content\/uploads\/2026\/02\/Liisi-Sagor-Fusioterapeut.jpg 2048w\" sizes=\"(max-width: 768px) 100vw, 768px\" \/>\t\t\t\t<\/span>\n\t\t\t<\/div>\n\t\t\n\t\t\t\t\n\t\t\t<div class=\"bdt-ep-advanced-icon-box-content\">\n\n\t\t\t\t\t\t\t\t\t\n\t\t\t\t\t<h3 class=\"bdt-ep-advanced-icon-box-title ep-title-\">\n\t\t\t\t<span >\n\t\t\t\t\tLiisi Sagor\t\t\t\t<\/span>\n\t\t\t<\/h3>\n\t\t\n\n\t\t\t\t\t<div class=\"bdt-ep-advanced-icon-box-sub-title\">\n\t\t\t\tF\u00fcsioterapeut. T\u00f6\u00f6keeled: eesti, inglise, vene.\t\t\t<\/div>\n\t\t\n\t\t\t\t\t\n\t\t\t\t\n\t\t\t\t\t\t\t\t\t<div class=\"bdt-ep-advanced-icon-box-description\">\n\t\t\t\t\t\t<div class=\"wpb_column vc_column_container vc_col-sm-4\"><div class=\"wpb_wrapper\"><div class=\"wpb_text_column wpb_content_element \"><div class=\"wpb_wrapper\"><p class=\"p1\">Liisi on l\u00f5petanud Tartu \u00dclikooli f\u00fcsioteraapia eriala ja omandanud terviseteaduste bakalaureuse kraadi. Ta alustas oma karj\u00e4\u00e4ri Haapsalu Neuroloogilises Taasturavikeskuses, kus t\u00f6\u00f6tas peamiselt neuroloogilise defitsiidiga lastega, kellel esinesid f\u00fc\u00fcsilised v\u00f5i intellektuaalsed puuded. <strong><a href=\"https:\/\/utk.ee\/liisi-sagor-fusioterapeut\/\">Loe lisa.<\/a><\/strong><\/p><\/div><\/div><\/div><\/div>\t\t\t\t\t<\/div>\n\t\t\t\t\n\t\t\t\t\t\t\t\t\t<a class=\"bdt-ep-advanced-icon-box-readmore bdt-display-inline-block\" href=\"https:\/\/connectedserver.eu\/ConnectedOnlineX\/default.aspx?key=pdL9lnhe&#038;lang=et\">\n\t\t\t\t\t\tBroneeri vastuv\u00f5tule\n\t\t\t\t\t\t\n\t\t\t\t\t\t\t<span class=\"bdt-button-icon-align-right\">\n\n\t\t\t\t\t\t\t\t<i aria-hidden=\"true\" class=\"fa-fw ti ti-angle-right\"><\/i>\n\t\t\t\t\t\t\t<\/span>\n\n\t\t\t\t\t\t\t\t\t\t\t<\/a>\n\t\t\t\t\t\t\t<\/div>\n\t\t<\/div>\n\n\t\t\n\t\t\n\t\t\t\t<\/div>\n\t\t\t\t\t<\/div>\n\t\t<\/div>\n\t\t\t\t\t<\/div>\n\t\t<\/section>\n\t\t\t\t<section class=\"ep-section-eql-height elementor-section elementor-inner-section elementor-element elementor-element-99c7303 elementor-section-boxed elementor-section-height-default elementor-section-height-default\" bdt-height-match=\"target: .ep-section-eql-height .elementor-element .elementor-widget\" data-id=\"99c7303\" data-element_type=\"section\" data-e-type=\"section\">\n\t\t\t\t\t\t<div class=\"elementor-container elementor-column-gap-default\">\n\t\t\t\t\t<div class=\"elementor-column elementor-col-33 elementor-inner-column elementor-element elementor-element-f564543\" data-id=\"f564543\" data-element_type=\"column\" data-e-type=\"column\">\n\t\t\t<div class=\"elementor-widget-wrap elementor-element-populated\">\n\t\t\t\t\t\t<div class=\"elementor-element elementor-element-250ca4a bdt-icon-type-image bdt-ep-advanced-icon-box-readmore-fullwidth-yes elementor-position-top bdt-icon-effect-none elementor-widget elementor-widget-bdt-advanced-icon-box\" data-id=\"250ca4a\" data-element_type=\"widget\" data-e-type=\"widget\" data-widget_type=\"bdt-advanced-icon-box.default\">\n\t\t\t\t\t\t\t<div class=\"bdt-ep-advanced-icon-box\">\n\n\t\t\t\t\t\t\t\n\t\t\t\t\t<div class=\"bdt-ep-advanced-icon-box-icon\">\n\t\t\t\t<span class=\"bdt-ep-advanced-icon-box-icon-wrap\">\n\n\n\t\t\t\t\t<img loading=\"lazy\" decoding=\"async\" width=\"640\" height=\"427\" src=\"https:\/\/utk.ee\/wp-content\/uploads\/2026\/02\/Fusioterapeut-Diana-Trutneva.jpeg\" class=\"attachment-medium_large size-medium_large\" alt=\"Diana Trutneva\" srcset=\"https:\/\/utk.ee\/wp-content\/uploads\/2026\/02\/Fusioterapeut-Diana-Trutneva.jpeg 640w, https:\/\/utk.ee\/wp-content\/uploads\/2026\/02\/Fusioterapeut-Diana-Trutneva-600x400.jpeg 600w, https:\/\/utk.ee\/wp-content\/uploads\/2026\/02\/Fusioterapeut-Diana-Trutneva-300x200.jpeg 300w\" sizes=\"(max-width: 640px) 100vw, 640px\" \/>\t\t\t\t<\/span>\n\t\t\t<\/div>\n\t\t\n\t\t\t\t\n\t\t\t<div class=\"bdt-ep-advanced-icon-box-content\">\n\n\t\t\t\t\t\t\t\t\t\n\t\t\t\t\t<h3 class=\"bdt-ep-advanced-icon-box-title ep-title-\">\n\t\t\t\t<span >\n\t\t\t\t\tDiana Trutneva\t\t\t\t<\/span>\n\t\t\t<\/h3>\n\t\t\n\n\t\t\t\t\t<div class=\"bdt-ep-advanced-icon-box-sub-title\">\n\t\t\t\tF\u00fcsioterapeut. T\u00f6\u00f6keeled: eesti, inglise, vene, hispaania.\t\t\t<\/div>\n\t\t\n\t\t\t\t\t\n\t\t\t\t\n\t\t\t\t\t\t\t\t\t<div class=\"bdt-ep-advanced-icon-box-description\">\n\t\t\t\t\t\t<div class=\"wpb_column vc_column_container vc_col-sm-4\"><div class=\"wpb_wrapper\"><div class=\"wpb_text_column wpb_content_element \"><div class=\"wpb_wrapper\"><p>Diana on l\u00f5petanud Tartu Tervishoiu K\u00f5rgkoolis f\u00fcsioteraapia eriala ja kuulub Eesti F\u00fcsioterapeutide Liitu. Ta on t\u00e4iendanud end erinevatel koolitustel, sealhulgas liigeste probleemide, onkoloogilise ja kardiopulmonaalse ravi ning NDT (neoroloogiline ravi) meetodi alal. <strong><a href=\"https:\/\/utk.ee\/diana-trutneva-fusioterapeut\/\">Loe lisa.<\/a><\/strong><\/p><\/div><\/div><\/div><\/div>\t\t\t\t\t<\/div>\n\t\t\t\t\n\t\t\t\t\t\t\t\t\t<a class=\"bdt-ep-advanced-icon-box-readmore bdt-display-inline-block\" href=\"https:\/\/connectedserver.eu\/ConnectedOnlineX\/default.aspx?key=fOVx7Dej&#038;lang=et\">\n\t\t\t\t\t\tBroneeri vastuv\u00f5tule\n\t\t\t\t\t\t\n\t\t\t\t\t\t\t<span class=\"bdt-button-icon-align-right\">\n\n\t\t\t\t\t\t\t\t<i aria-hidden=\"true\" class=\"fa-fw ti ti-angle-right\"><\/i>\n\t\t\t\t\t\t\t<\/span>\n\n\t\t\t\t\t\t\t\t\t\t\t<\/a>\n\t\t\t\t\t\t\t<\/div>\n\t\t<\/div>\n\n\t\t\n\t\t\n\t\t\t\t<\/div>\n\t\t\t\t\t<\/div>\n\t\t<\/div>\n\t\t\t\t<div class=\"elementor-column elementor-col-33 elementor-inner-column elementor-element elementor-element-de24119\" data-id=\"de24119\" data-element_type=\"column\" data-e-type=\"column\">\n\t\t\t<div class=\"elementor-widget-wrap elementor-element-populated\">\n\t\t\t\t\t\t<div class=\"elementor-element elementor-element-dbfc913 bdt-icon-type-image bdt-ep-advanced-icon-box-readmore-fullwidth-yes elementor-position-top bdt-icon-effect-none elementor-widget elementor-widget-bdt-advanced-icon-box\" data-id=\"dbfc913\" data-element_type=\"widget\" data-e-type=\"widget\" data-widget_type=\"bdt-advanced-icon-box.default\">\n\t\t\t\t\t\t\t<div class=\"bdt-ep-advanced-icon-box\">\n\n\t\t\t\t\t\t\t\n\t\t\t\t\t<div class=\"bdt-ep-advanced-icon-box-icon\">\n\t\t\t\t<span class=\"bdt-ep-advanced-icon-box-icon-wrap\">\n\n\n\t\t\t\t\t<img loading=\"lazy\" decoding=\"async\" width=\"768\" height=\"512\" src=\"https:\/\/utk.ee\/wp-content\/uploads\/2025\/11\/placeholder-86-768x512.png\" class=\"attachment-medium_large size-medium_large\" alt=\"Mark Vilenski\" srcset=\"https:\/\/utk.ee\/wp-content\/uploads\/2025\/11\/placeholder-86-768x512.png 768w, https:\/\/utk.ee\/wp-content\/uploads\/2025\/11\/placeholder-86-600x400.png 600w, https:\/\/utk.ee\/wp-content\/uploads\/2025\/11\/placeholder-86-300x200.png 300w, https:\/\/utk.ee\/wp-content\/uploads\/2025\/11\/placeholder-86-1024x683.png 1024w, https:\/\/utk.ee\/wp-content\/uploads\/2025\/11\/placeholder-86-650x433.png 650w, https:\/\/utk.ee\/wp-content\/uploads\/2025\/11\/placeholder-86.png 1200w\" sizes=\"(max-width: 768px) 100vw, 768px\" \/>\t\t\t\t<\/span>\n\t\t\t<\/div>\n\t\t\n\t\t\t\t\n\t\t\t<div class=\"bdt-ep-advanced-icon-box-content\">\n\n\t\t\t\t\t\t\t\t\t\n\t\t\t\t\t<h3 class=\"bdt-ep-advanced-icon-box-title ep-title-\">\n\t\t\t\t<span >\n\t\t\t\t\tMark Vilenski\t\t\t\t<\/span>\n\t\t\t<\/h3>\n\t\t\n\n\t\t\t\t\t<div class=\"bdt-ep-advanced-icon-box-sub-title\">\n\t\t\t\tF\u00fcsioterapeut. T\u00f6\u00f6keeled: eesti, inglise, vene.\t\t\t<\/div>\n\t\t\n\t\t\t\t\t\n\t\t\t\t\n\t\t\t\t\t\t\t\t\t<div class=\"bdt-ep-advanced-icon-box-description\">\n\t\t\t\t\t\t<div class=\"wpb_column vc_column_container vc_col-sm-4\"><div class=\"wpb_wrapper\"><div class=\"wpb_text_column wpb_content_element \"><div class=\"wpb_wrapper\"><p>Mark on l\u00f5petanud Tartu Tervishoiu K\u00f5rgkooli f\u00fcsioteraapia eriala bakalaureuse\u00f5ppe ning j\u00e4tkab \u00f5pinguid Tartu \u00dclikooli spordi- ja sooritusps\u00fchholoogia mikrokraadiprogrammis. <a href=\"https:\/\/utk.ee\/mark-vilenski-fusioterapeut\/\"><strong>Loe lisa.<\/strong><\/a><\/p><\/div><\/div><\/div><\/div>\t\t\t\t\t<\/div>\n\t\t\t\t\n\t\t\t\t\t\t\t\t\t<a class=\"bdt-ep-advanced-icon-box-readmore bdt-display-inline-block\" href=\"https:\/\/connectedserver.eu\/ConnectedOnlineX\/default.aspx?key=60B9mJGR&#038;lang=et\">\n\t\t\t\t\t\tBroneeri vastuv\u00f5tule\n\t\t\t\t\t\t\n\t\t\t\t\t\t\t<span class=\"bdt-button-icon-align-right\">\n\n\t\t\t\t\t\t\t\t<i aria-hidden=\"true\" class=\"fa-fw ti ti-angle-right\"><\/i>\n\t\t\t\t\t\t\t<\/span>\n\n\t\t\t\t\t\t\t\t\t\t\t<\/a>\n\t\t\t\t\t\t\t<\/div>\n\t\t<\/div>\n\n\t\t\n\t\t\n\t\t\t\t<\/div>\n\t\t\t\t\t<\/div>\n\t\t<\/div>\n\t\t\t\t<div class=\"elementor-column elementor-col-33 elementor-inner-column elementor-element elementor-element-76da70f\" data-id=\"76da70f\" data-element_type=\"column\" data-e-type=\"column\">\n\t\t\t<div class=\"elementor-widget-wrap elementor-element-populated\">\n\t\t\t\t\t\t<div class=\"elementor-element elementor-element-b50a3bf bdt-icon-type-image bdt-ep-advanced-icon-box-readmore-fullwidth-yes elementor-position-top bdt-icon-effect-none elementor-widget elementor-widget-bdt-advanced-icon-box\" data-id=\"b50a3bf\" data-element_type=\"widget\" data-e-type=\"widget\" data-widget_type=\"bdt-advanced-icon-box.default\">\n\t\t\t\t\t\t\t<div class=\"bdt-ep-advanced-icon-box\">\n\n\t\t\t\t\t\t\t\n\t\t\t\t\t<div class=\"bdt-ep-advanced-icon-box-icon\">\n\t\t\t\t<span class=\"bdt-ep-advanced-icon-box-icon-wrap\">\n\n\n\t\t\t\t\t<img loading=\"lazy\" decoding=\"async\" width=\"768\" height=\"512\" src=\"https:\/\/utk.ee\/wp-content\/uploads\/2026\/02\/Fusioterapeut-Ruta_Kuzminaite-768x512.jpg\" class=\"attachment-medium_large size-medium_large\" alt=\"Ruta Kuzminaite\" srcset=\"https:\/\/utk.ee\/wp-content\/uploads\/2026\/02\/Fusioterapeut-Ruta_Kuzminaite-768x512.jpg 768w, https:\/\/utk.ee\/wp-content\/uploads\/2026\/02\/Fusioterapeut-Ruta_Kuzminaite-600x400.jpg 600w, https:\/\/utk.ee\/wp-content\/uploads\/2026\/02\/Fusioterapeut-Ruta_Kuzminaite-300x200.jpg 300w, https:\/\/utk.ee\/wp-content\/uploads\/2026\/02\/Fusioterapeut-Ruta_Kuzminaite-1024x683.jpg 1024w, https:\/\/utk.ee\/wp-content\/uploads\/2026\/02\/Fusioterapeut-Ruta_Kuzminaite-1536x1024.jpg 1536w, https:\/\/utk.ee\/wp-content\/uploads\/2026\/02\/Fusioterapeut-Ruta_Kuzminaite-650x433.jpg 650w, https:\/\/utk.ee\/wp-content\/uploads\/2026\/02\/Fusioterapeut-Ruta_Kuzminaite.jpg 2048w\" sizes=\"(max-width: 768px) 100vw, 768px\" \/>\t\t\t\t<\/span>\n\t\t\t<\/div>\n\t\t\n\t\t\t\t\n\t\t\t<div class=\"bdt-ep-advanced-icon-box-content\">\n\n\t\t\t\t\t\t\t\t\t\n\t\t\t\t\t<h3 class=\"bdt-ep-advanced-icon-box-title ep-title-\">\n\t\t\t\t<span >\n\t\t\t\t\tRuta Kuzminaite\t\t\t\t<\/span>\n\t\t\t<\/h3>\n\t\t\n\n\t\t\t\t\t<div class=\"bdt-ep-advanced-icon-box-sub-title\">\n\t\t\t\tF\u00fcsioterapeut. T\u00f6\u00f6keeled: eesti, inglise, leedu, vene.\t\t\t<\/div>\n\t\t\n\t\t\t\t\t\n\t\t\t\t\n\t\t\t\t\t\t\t\t\t<div class=\"bdt-ep-advanced-icon-box-description\">\n\t\t\t\t\t\t<div class=\"wpb_column vc_column_container vc_col-sm-4\"><div class=\"wpb_wrapper\"><div class=\"wpb_text_column wpb_content_element \"><div class=\"wpb_wrapper\"><p>Ruta on omandanud f\u00fcsioteraapia erialal bakalauerusekraadi Fontys rakendusk\u00f5rgkoolis (Fontys University of Applied Sciences) Hollandis. Ta on l\u00e4binud pikaajalised praktikad Ida-Tallinna Keskhaiglas \u2013 peamiselt ortopeedia ja neuroloogia osakonnas ning ambulatoorses taastusravis \u2013 ja FC Flora jalgpalliklubis.\u00a0 <a href=\"https:\/\/utk.ee\/ruta-kuzminaite-fusioterapeut\/\"><strong>Loe lisa.<\/strong><\/a><\/p><\/div><\/div><\/div><\/div>\t\t\t\t\t<\/div>\n\t\t\t\t\n\t\t\t\t\t\t\t\t\t<a class=\"bdt-ep-advanced-icon-box-readmore bdt-display-inline-block\" href=\"https:\/\/connectedserver.eu\/ConnectedOnlineX\/default.aspx?key=t05UTrnV&#038;lang=et\">\n\t\t\t\t\t\tBroneeri vastuv\u00f5tule\n\t\t\t\t\t\t\n\t\t\t\t\t\t\t<span class=\"bdt-button-icon-align-right\">\n\n\t\t\t\t\t\t\t\t<i aria-hidden=\"true\" class=\"fa-fw ti ti-angle-right\"><\/i>\n\t\t\t\t\t\t\t<\/span>\n\n\t\t\t\t\t\t\t\t\t\t\t<\/a>\n\t\t\t\t\t\t\t<\/div>\n\t\t<\/div>\n\n\t\t\n\t\t\n\t\t\t\t<\/div>\n\t\t\t\t\t<\/div>\n\t\t<\/div>\n\t\t\t\t\t<\/div>\n\t\t<\/section>\n\t\t\t\t<section class=\"ep-section-eql-height elementor-section elementor-inner-section elementor-element elementor-element-ddf870e elementor-section-boxed elementor-section-height-default elementor-section-height-default\" bdt-height-match=\"target: .ep-section-eql-height .elementor-element .elementor-widget\" data-id=\"ddf870e\" data-element_type=\"section\" data-e-type=\"section\">\n\t\t\t\t\t\t<div class=\"elementor-container elementor-column-gap-default\">\n\t\t\t\t\t<div class=\"elementor-column elementor-col-33 elementor-inner-column elementor-element elementor-element-4e0a434\" data-id=\"4e0a434\" data-element_type=\"column\" data-e-type=\"column\">\n\t\t\t<div class=\"elementor-widget-wrap elementor-element-populated\">\n\t\t\t\t\t\t<div class=\"elementor-element elementor-element-f36754f bdt-icon-type-image bdt-ep-advanced-icon-box-readmore-fullwidth-yes elementor-position-top bdt-icon-effect-none elementor-widget elementor-widget-bdt-advanced-icon-box\" data-id=\"f36754f\" data-element_type=\"widget\" data-e-type=\"widget\" data-widget_type=\"bdt-advanced-icon-box.default\">\n\t\t\t\t\t\t\t<div class=\"bdt-ep-advanced-icon-box\">\n\n\t\t\t\t\t\t\t\n\t\t\t\t\t<div class=\"bdt-ep-advanced-icon-box-icon\">\n\t\t\t\t<span class=\"bdt-ep-advanced-icon-box-icon-wrap\">\n\n\n\t\t\t\t\t<img loading=\"lazy\" decoding=\"async\" width=\"768\" height=\"512\" src=\"https:\/\/utk.ee\/wp-content\/uploads\/2026\/02\/Fusioterapeut-Lisette_Tonutare-768x512.jpg\" class=\"attachment-medium_large size-medium_large\" alt=\"Lisette T\u00f5nutare\" srcset=\"https:\/\/utk.ee\/wp-content\/uploads\/2026\/02\/Fusioterapeut-Lisette_Tonutare-768x512.jpg 768w, https:\/\/utk.ee\/wp-content\/uploads\/2026\/02\/Fusioterapeut-Lisette_Tonutare-600x400.jpg 600w, https:\/\/utk.ee\/wp-content\/uploads\/2026\/02\/Fusioterapeut-Lisette_Tonutare-300x200.jpg 300w, https:\/\/utk.ee\/wp-content\/uploads\/2026\/02\/Fusioterapeut-Lisette_Tonutare-1024x683.jpg 1024w, https:\/\/utk.ee\/wp-content\/uploads\/2026\/02\/Fusioterapeut-Lisette_Tonutare-1536x1024.jpg 1536w, https:\/\/utk.ee\/wp-content\/uploads\/2026\/02\/Fusioterapeut-Lisette_Tonutare-650x433.jpg 650w, https:\/\/utk.ee\/wp-content\/uploads\/2026\/02\/Fusioterapeut-Lisette_Tonutare.jpg 2048w\" sizes=\"(max-width: 768px) 100vw, 768px\" \/>\t\t\t\t<\/span>\n\t\t\t<\/div>\n\t\t\n\t\t\t\t\n\t\t\t<div class=\"bdt-ep-advanced-icon-box-content\">\n\n\t\t\t\t\t\t\t\t\t\n\t\t\t\t\t<h3 class=\"bdt-ep-advanced-icon-box-title ep-title-\">\n\t\t\t\t<span >\n\t\t\t\t\tLisette T\u00f5nutare\t\t\t\t<\/span>\n\t\t\t<\/h3>\n\t\t\n\n\t\t\t\t\t<div class=\"bdt-ep-advanced-icon-box-sub-title\">\n\t\t\t\tF\u00fcsioterapeut. T\u00f6\u00f6keeled: eesti, inglise.\t\t\t<\/div>\n\t\t\n\t\t\t\t\t\n\t\t\t\t\n\t\t\t\t\t\t\t\t\t<div class=\"bdt-ep-advanced-icon-box-description\">\n\t\t\t\t\t\t<p class=\"x_MsoNormal\"><span lang=\"NO-BOK\" data-olk-copy-source=\"MessageBody\">Lisette on l\u00f5petanud Tartu \u00dclikooli f\u00fcsioteraapia erialal nii bakalaureuse- kui magistri\u00f5ppe. Ta on t\u00f6\u00f6tanud f\u00fcsioterapeudina Dorpat Tervises, P\u00f5hja-Eesti Taastusravi Keskuses ja P\u00f5hja-Eesti Regionaalhaiglas. <\/span><span lang=\"NO-BOK\">Lisette on Eesti F\u00fcsioterapeutide Liidu liige.\u00a0 <a href=\"https:\/\/utk.ee\/lisette-tonutare-fusioterapeut\/\"><strong>Loe lisa.<\/strong><\/a><\/span><\/p>\t\t\t\t\t<\/div>\n\t\t\t\t\n\t\t\t\t\t\t\t\t\t<a class=\"bdt-ep-advanced-icon-box-readmore bdt-display-inline-block\" href=\"https:\/\/connectedserver.eu\/ConnectedOnlineX\/default.aspx?key=jeIfC1kF&#038;lang=et\">\n\t\t\t\t\t\tBroneeri vastuv\u00f5tule\n\t\t\t\t\t\t\n\t\t\t\t\t\t\t<span class=\"bdt-button-icon-align-right\">\n\n\t\t\t\t\t\t\t\t<i aria-hidden=\"true\" class=\"fa-fw ti ti-angle-right\"><\/i>\n\t\t\t\t\t\t\t<\/span>\n\n\t\t\t\t\t\t\t\t\t\t\t<\/a>\n\t\t\t\t\t\t\t<\/div>\n\t\t<\/div>\n\n\t\t\n\t\t\n\t\t\t\t<\/div>\n\t\t\t\t\t<\/div>\n\t\t<\/div>\n\t\t\t\t<div class=\"elementor-column elementor-col-33 elementor-inner-column elementor-element elementor-element-cb4c1c3\" data-id=\"cb4c1c3\" data-element_type=\"column\" data-e-type=\"column\">\n\t\t\t<div class=\"elementor-widget-wrap elementor-element-populated\">\n\t\t\t\t\t\t<div class=\"elementor-element elementor-element-398f064 bdt-icon-type-image bdt-ep-advanced-icon-box-readmore-fullwidth-yes elementor-position-top bdt-icon-effect-none elementor-widget elementor-widget-bdt-advanced-icon-box\" data-id=\"398f064\" data-element_type=\"widget\" data-e-type=\"widget\" data-widget_type=\"bdt-advanced-icon-box.default\">\n\t\t\t\t\t\t\t<div class=\"bdt-ep-advanced-icon-box\">\n\n\t\t\t\t\t\t\t\n\t\t\t\t\t<div class=\"bdt-ep-advanced-icon-box-icon\">\n\t\t\t\t<span class=\"bdt-ep-advanced-icon-box-icon-wrap\">\n\n\n\t\t\t\t\t<img loading=\"lazy\" decoding=\"async\" width=\"768\" height=\"512\" src=\"https:\/\/utk.ee\/wp-content\/uploads\/2026\/02\/Fusioterapeut-Katlin-Laurson-768x512.jpg\" class=\"attachment-medium_large size-medium_large\" alt=\"K\u00e4tlin Laurson\" srcset=\"https:\/\/utk.ee\/wp-content\/uploads\/2026\/02\/Fusioterapeut-Katlin-Laurson-768x512.jpg 768w, https:\/\/utk.ee\/wp-content\/uploads\/2026\/02\/Fusioterapeut-Katlin-Laurson-600x400.jpg 600w, https:\/\/utk.ee\/wp-content\/uploads\/2026\/02\/Fusioterapeut-Katlin-Laurson-300x200.jpg 300w, https:\/\/utk.ee\/wp-content\/uploads\/2026\/02\/Fusioterapeut-Katlin-Laurson-1024x683.jpg 1024w, https:\/\/utk.ee\/wp-content\/uploads\/2026\/02\/Fusioterapeut-Katlin-Laurson-1536x1024.jpg 1536w, https:\/\/utk.ee\/wp-content\/uploads\/2026\/02\/Fusioterapeut-Katlin-Laurson-650x433.jpg 650w, https:\/\/utk.ee\/wp-content\/uploads\/2026\/02\/Fusioterapeut-Katlin-Laurson.jpg 2048w\" sizes=\"(max-width: 768px) 100vw, 768px\" \/>\t\t\t\t<\/span>\n\t\t\t<\/div>\n\t\t\n\t\t\t\t\n\t\t\t<div class=\"bdt-ep-advanced-icon-box-content\">\n\n\t\t\t\t\t\t\t\t\t\n\t\t\t\t\t<h3 class=\"bdt-ep-advanced-icon-box-title ep-title-\">\n\t\t\t\t<span >\n\t\t\t\t\tK\u00e4tlin Laurson\t\t\t\t<\/span>\n\t\t\t<\/h3>\n\t\t\n\n\t\t\t\t\t<div class=\"bdt-ep-advanced-icon-box-sub-title\">\n\t\t\t\tF\u00fcsioterapeut. T\u00f6\u00f6keeled: eesti, inglise.\t\t\t<\/div>\n\t\t\n\t\t\t\t\t\n\t\t\t\t\n\t\t\t\t\t\t\t\t\t<div class=\"bdt-ep-advanced-icon-box-description\">\n\t\t\t\t\t\t<p class=\"p1\">K\u00e4tlin on l\u00f5petanud Tartu \u00dclikoolis f\u00fcsioteraapia bakalaureuse\u00f5ppe. F\u00fcsioterapeudina on ta mitmeid aastaid t\u00f6\u00f6tanud sportlaste ja kaitsev\u00e4elastega. Praegu keskendub ta peamiselt traumade ja ortopeediliste probleemidega patsientidele ning sportlastele. <a href=\"https:\/\/utk.ee\/katlin-laurson-fusioterapeut\/\"><strong>Loe lisa.<\/strong><\/a><\/p>\t\t\t\t\t<\/div>\n\t\t\t\t\n\t\t\t\t\t\t\t\t\t<a class=\"bdt-ep-advanced-icon-box-readmore bdt-display-inline-block\" href=\"https:\/\/connectedserver.eu\/ConnectedOnlineX\/default.aspx?key=0x8Db5nQ&#038;lang=et\">\n\t\t\t\t\t\tBroneeri vastuv\u00f5tule\n\t\t\t\t\t\t\n\t\t\t\t\t\t\t<span class=\"bdt-button-icon-align-right\">\n\n\t\t\t\t\t\t\t\t<i aria-hidden=\"true\" class=\"fa-fw ti ti-angle-right\"><\/i>\n\t\t\t\t\t\t\t<\/span>\n\n\t\t\t\t\t\t\t\t\t\t\t<\/a>\n\t\t\t\t\t\t\t<\/div>\n\t\t<\/div>\n\n\t\t\n\t\t\n\t\t\t\t<\/div>\n\t\t\t\t\t<\/div>\n\t\t<\/div>\n\t\t\t\t<div class=\"elementor-column elementor-col-33 elementor-inner-column elementor-element elementor-element-7be87c1\" data-id=\"7be87c1\" data-element_type=\"column\" data-e-type=\"column\">\n\t\t\t<div class=\"elementor-widget-wrap elementor-element-populated\">\n\t\t\t\t\t\t<div class=\"elementor-element elementor-element-0e053e9 bdt-icon-type-image bdt-ep-advanced-icon-box-readmore-fullwidth-yes elementor-position-top bdt-icon-effect-none elementor-widget elementor-widget-bdt-advanced-icon-box\" data-id=\"0e053e9\" data-element_type=\"widget\" data-e-type=\"widget\" data-widget_type=\"bdt-advanced-icon-box.default\">\n\t\t\t\t\t\t\t<div class=\"bdt-ep-advanced-icon-box\">\n\n\t\t\t\t\t\t\t\n\t\t\t\t\t<div class=\"bdt-ep-advanced-icon-box-icon\">\n\t\t\t\t<span class=\"bdt-ep-advanced-icon-box-icon-wrap\">\n\n\n\t\t\t\t\t<img loading=\"lazy\" decoding=\"async\" width=\"768\" height=\"512\" src=\"https:\/\/utk.ee\/wp-content\/uploads\/2026\/02\/Fusioterapeut-Ragnar-Koplimaa-768x512.jpg\" class=\"attachment-medium_large size-medium_large\" alt=\"Ragnar Koplimaa\" srcset=\"https:\/\/utk.ee\/wp-content\/uploads\/2026\/02\/Fusioterapeut-Ragnar-Koplimaa-768x512.jpg 768w, https:\/\/utk.ee\/wp-content\/uploads\/2026\/02\/Fusioterapeut-Ragnar-Koplimaa-600x400.jpg 600w, https:\/\/utk.ee\/wp-content\/uploads\/2026\/02\/Fusioterapeut-Ragnar-Koplimaa-300x200.jpg 300w, https:\/\/utk.ee\/wp-content\/uploads\/2026\/02\/Fusioterapeut-Ragnar-Koplimaa-1024x683.jpg 1024w, https:\/\/utk.ee\/wp-content\/uploads\/2026\/02\/Fusioterapeut-Ragnar-Koplimaa-1536x1024.jpg 1536w, https:\/\/utk.ee\/wp-content\/uploads\/2026\/02\/Fusioterapeut-Ragnar-Koplimaa-650x433.jpg 650w, https:\/\/utk.ee\/wp-content\/uploads\/2026\/02\/Fusioterapeut-Ragnar-Koplimaa.jpg 2048w\" sizes=\"(max-width: 768px) 100vw, 768px\" \/>\t\t\t\t<\/span>\n\t\t\t<\/div>\n\t\t\n\t\t\t\t\n\t\t\t<div class=\"bdt-ep-advanced-icon-box-content\">\n\n\t\t\t\t\t\t\t\t\t\n\t\t\t\t\t<h3 class=\"bdt-ep-advanced-icon-box-title ep-title-\">\n\t\t\t\t<span >\n\t\t\t\t\tRagnar Koplimaa\t\t\t\t<\/span>\n\t\t\t<\/h3>\n\t\t\n\n\t\t\t\t\t<div class=\"bdt-ep-advanced-icon-box-sub-title\">\n\t\t\t\tF\u00fcsioterapeut. T\u00f6\u00f6keeled: eesti, inglise.\t\t\t<\/div>\n\t\t\n\t\t\t\t\t\n\t\t\t\t\n\t\t\t\t\t\t\t\t\t<div class=\"bdt-ep-advanced-icon-box-description\">\n\t\t\t\t\t\t<p class=\"p1\">Ragnar on l\u00f5petanud Tartu Tervishoiuk\u00f5rgkooli f\u00fcsioteraapia erialal. Varasemalt on ta t\u00f6\u00f6tanud Ida-Tallinna Keskhaigla ambulatoorses taastusravikeskuses ja tegelenud Terviseuuringutes noorsportlaste tervisekontrollidega. <strong><a href=\"https:\/\/utk.ee\/ragnar-koplimaa-fusioterapeut\/\">Loe lisa.<\/a><\/strong><\/p>\t\t\t\t\t<\/div>\n\t\t\t\t\n\t\t\t\t\t\t\t\t\t<a class=\"bdt-ep-advanced-icon-box-readmore bdt-display-inline-block\" href=\"https:\/\/connectedserver.eu\/ConnectedOnlineX\/default.aspx?key=hscUCxrH&#038;lang=et\">\n\t\t\t\t\t\tBroneeri vastuv\u00f5tule\n\t\t\t\t\t\t\n\t\t\t\t\t\t\t<span class=\"bdt-button-icon-align-right\">\n\n\t\t\t\t\t\t\t\t<i aria-hidden=\"true\" class=\"fa-fw ti ti-angle-right\"><\/i>\n\t\t\t\t\t\t\t<\/span>\n\n\t\t\t\t\t\t\t\t\t\t\t<\/a>\n\t\t\t\t\t\t\t<\/div>\n\t\t<\/div>\n\n\t\t\n\t\t\n\t\t\t\t<\/div>\n\t\t\t\t\t<\/div>\n\t\t<\/div>\n\t\t\t\t\t<\/div>\n\t\t<\/section>\n\t\t\t\t<section class=\"ep-section-eql-height elementor-section elementor-inner-section elementor-element elementor-element-5159a87 elementor-section-boxed elementor-section-height-default elementor-section-height-default\" bdt-height-match=\"target: .ep-section-eql-height .elementor-element .elementor-widget\" data-id=\"5159a87\" data-element_type=\"section\" data-e-type=\"section\">\n\t\t\t\t\t\t<div class=\"elementor-container elementor-column-gap-default\">\n\t\t\t\t\t<div class=\"elementor-column elementor-col-33 elementor-inner-column elementor-element elementor-element-24b55a3\" data-id=\"24b55a3\" data-element_type=\"column\" data-e-type=\"column\">\n\t\t\t<div class=\"elementor-widget-wrap elementor-element-populated\">\n\t\t\t\t\t\t<div class=\"elementor-element elementor-element-a996e3a bdt-icon-type-image bdt-ep-advanced-icon-box-readmore-fullwidth-yes elementor-position-top bdt-icon-effect-none elementor-widget elementor-widget-bdt-advanced-icon-box\" data-id=\"a996e3a\" data-element_type=\"widget\" data-e-type=\"widget\" data-widget_type=\"bdt-advanced-icon-box.default\">\n\t\t\t\t\t\t\t<div class=\"bdt-ep-advanced-icon-box\">\n\n\t\t\t\t\t\t\t\n\t\t\t\t\t<div class=\"bdt-ep-advanced-icon-box-icon\">\n\t\t\t\t<span class=\"bdt-ep-advanced-icon-box-icon-wrap\">\n\n\n\t\t\t\t\t<img loading=\"lazy\" decoding=\"async\" width=\"768\" height=\"512\" src=\"https:\/\/utk.ee\/wp-content\/uploads\/2025\/11\/placeholder-86-768x512.png\" class=\"attachment-medium_large size-medium_large\" alt=\"Mairi Tamm\" srcset=\"https:\/\/utk.ee\/wp-content\/uploads\/2025\/11\/placeholder-86-768x512.png 768w, https:\/\/utk.ee\/wp-content\/uploads\/2025\/11\/placeholder-86-600x400.png 600w, https:\/\/utk.ee\/wp-content\/uploads\/2025\/11\/placeholder-86-300x200.png 300w, https:\/\/utk.ee\/wp-content\/uploads\/2025\/11\/placeholder-86-1024x683.png 1024w, https:\/\/utk.ee\/wp-content\/uploads\/2025\/11\/placeholder-86-650x433.png 650w, https:\/\/utk.ee\/wp-content\/uploads\/2025\/11\/placeholder-86.png 1200w\" sizes=\"(max-width: 768px) 100vw, 768px\" \/>\t\t\t\t<\/span>\n\t\t\t<\/div>\n\t\t\n\t\t\t\t\n\t\t\t<div class=\"bdt-ep-advanced-icon-box-content\">\n\n\t\t\t\t\t\t\t\t\t\n\t\t\t\t\t<h3 class=\"bdt-ep-advanced-icon-box-title ep-title-\">\n\t\t\t\t<span >\n\t\t\t\t\tMairi Tamm\t\t\t\t<\/span>\n\t\t\t<\/h3>\n\t\t\n\n\t\t\t\t\t<div class=\"bdt-ep-advanced-icon-box-sub-title\">\n\t\t\t\tF\u00fcsioterapeut. T\u00f6\u00f6keeled: eesti, inglise.\t\t\t<\/div>\n\t\t\n\t\t\t\t\t\n\t\t\t\t\n\t\t\t\t\t\t\t\t\t<div class=\"bdt-ep-advanced-icon-box-description\">\n\t\t\t\t\t\t<div class=\"wpb_column vc_column_container vc_col-sm-4\"><div class=\"wpb_wrapper\"><div class=\"wpb_text_column wpb_content_element \"><div class=\"wpb_wrapper\"><p class=\"p1\">Mairi on l\u00f5petanud Tartu Tervishoiu K\u00f5rgkooli bakalaureuse\u00f5ppe f\u00fcsioteraapia erialal. Lisaks on ta l\u00e4binud vaimse tervise f\u00fcsioteraapia ja BBAT-i ehk kehataju metodoloogia \u00f5ppe (Lifelong Learning Master\u2019s in Mental Health Physiotherapy \u2013 Basic Body Awareness Methodology) Almeria \u00dclikoolis. <a href=\"https:\/\/utk.ee\/mairi-tamm-fusioterapeut\/\"><strong>Loe lisa.<\/strong><\/a><\/p><\/div><\/div><\/div><\/div>\t\t\t\t\t<\/div>\n\t\t\t\t\n\t\t\t\t\t\t\t\t\t<a class=\"bdt-ep-advanced-icon-box-readmore bdt-display-inline-block\" href=\"https:\/\/connectedserver.eu\/ConnectedOnlineX\/default.aspx?key=XsyHJDmS&#038;lang=et\">\n\t\t\t\t\t\tBroneeri vastuv\u00f5tule\n\t\t\t\t\t\t\n\t\t\t\t\t\t\t<span class=\"bdt-button-icon-align-right\">\n\n\t\t\t\t\t\t\t\t<i aria-hidden=\"true\" class=\"fa-fw ti ti-angle-right\"><\/i>\n\t\t\t\t\t\t\t<\/span>\n\n\t\t\t\t\t\t\t\t\t\t\t<\/a>\n\t\t\t\t\t\t\t<\/div>\n\t\t<\/div>\n\n\t\t\n\t\t\n\t\t\t\t<\/div>\n\t\t\t\t\t<\/div>\n\t\t<\/div>\n\t\t\t\t<div class=\"elementor-column elementor-col-33 elementor-inner-column elementor-element elementor-element-378c7b7\" data-id=\"378c7b7\" data-element_type=\"column\" data-e-type=\"column\">\n\t\t\t<div class=\"elementor-widget-wrap elementor-element-populated\">\n\t\t\t\t\t\t<div class=\"elementor-element elementor-element-f818f30 bdt-icon-type-image bdt-ep-advanced-icon-box-readmore-fullwidth-yes elementor-position-top bdt-icon-effect-none elementor-widget elementor-widget-bdt-advanced-icon-box\" data-id=\"f818f30\" data-element_type=\"widget\" data-e-type=\"widget\" data-widget_type=\"bdt-advanced-icon-box.default\">\n\t\t\t\t\t\t\t<div class=\"bdt-ep-advanced-icon-box\">\n\n\t\t\t\t\t\t\t\n\t\t\t\t\t<div class=\"bdt-ep-advanced-icon-box-icon\">\n\t\t\t\t<span class=\"bdt-ep-advanced-icon-box-icon-wrap\">\n\n\n\t\t\t\t\t<img loading=\"lazy\" decoding=\"async\" width=\"768\" height=\"512\" src=\"https:\/\/utk.ee\/wp-content\/uploads\/2025\/11\/placeholder-86-768x512.png\" class=\"attachment-medium_large size-medium_large\" alt=\"Marit Mutli\" srcset=\"https:\/\/utk.ee\/wp-content\/uploads\/2025\/11\/placeholder-86-768x512.png 768w, https:\/\/utk.ee\/wp-content\/uploads\/2025\/11\/placeholder-86-600x400.png 600w, https:\/\/utk.ee\/wp-content\/uploads\/2025\/11\/placeholder-86-300x200.png 300w, https:\/\/utk.ee\/wp-content\/uploads\/2025\/11\/placeholder-86-1024x683.png 1024w, https:\/\/utk.ee\/wp-content\/uploads\/2025\/11\/placeholder-86-650x433.png 650w, https:\/\/utk.ee\/wp-content\/uploads\/2025\/11\/placeholder-86.png 1200w\" sizes=\"(max-width: 768px) 100vw, 768px\" \/>\t\t\t\t<\/span>\n\t\t\t<\/div>\n\t\t\n\t\t\t\t\n\t\t\t<div class=\"bdt-ep-advanced-icon-box-content\">\n\n\t\t\t\t\t\t\t\t\t\n\t\t\t\t\t<h3 class=\"bdt-ep-advanced-icon-box-title ep-title-\">\n\t\t\t\t<span >\n\t\t\t\t\tMarit Mutli\t\t\t\t<\/span>\n\t\t\t<\/h3>\n\t\t\n\n\t\t\t\t\t<div class=\"bdt-ep-advanced-icon-box-sub-title\">\n\t\t\t\tF\u00fcsioterapeut. T\u00f6\u00f6keeled: eesti, inglise.\t\t\t<\/div>\n\t\t\n\t\t\t\t\t\n\t\t\t\t\n\t\t\t\t\t\t\t\t\t<div class=\"bdt-ep-advanced-icon-box-description\">\n\t\t\t\t\t\t<p>Marit on l\u00e4binud Tartu Tervishoiu K\u00f5rgkoolis f\u00fcsioteraapia bakalaueruse\u00f5ppe.<\/p><p>Rapla korvpallimeeskonna f\u00fcsioterapeudina tegeles ta ta igap\u00e4evaselt professionaalsete sportlastega. Lisaks on ta t\u00f6\u00f6tanud Rapla haiglas, kus korraldas taastusravi v\u00e4ga erinevas vanuses patsientidele \u2013 beebidest eakateni. <a href=\"https:\/\/utk.ee\/marit-mutli-fusioterapeut\/\"><strong>Loe lisa.<\/strong><\/a><\/p>\t\t\t\t\t<\/div>\n\t\t\t\t\n\t\t\t\t\t\t\t\t\t<a class=\"bdt-ep-advanced-icon-box-readmore bdt-display-inline-block\" href=\"https:\/\/connectedserver.eu\/ConnectedOnlineX\/default.aspx?key=08HzBNME&#038;lang=et\">\n\t\t\t\t\t\tBroneeri vastuv\u00f5tule\n\t\t\t\t\t\t\n\t\t\t\t\t\t\t<span class=\"bdt-button-icon-align-right\">\n\n\t\t\t\t\t\t\t\t<i aria-hidden=\"true\" class=\"fa-fw ti ti-angle-right\"><\/i>\n\t\t\t\t\t\t\t<\/span>\n\n\t\t\t\t\t\t\t\t\t\t\t<\/a>\n\t\t\t\t\t\t\t<\/div>\n\t\t<\/div>\n\n\t\t\n\t\t\n\t\t\t\t<\/div>\n\t\t\t\t\t<\/div>\n\t\t<\/div>\n\t\t\t\t<div class=\"elementor-column elementor-col-33 elementor-inner-column elementor-element elementor-element-b418a21\" data-id=\"b418a21\" data-element_type=\"column\" data-e-type=\"column\">\n\t\t\t<div class=\"elementor-widget-wrap elementor-element-populated\">\n\t\t\t\t\t\t<div class=\"elementor-element elementor-element-fdeee45 bdt-icon-type-image bdt-ep-advanced-icon-box-readmore-fullwidth-yes elementor-position-top bdt-icon-effect-none elementor-widget elementor-widget-bdt-advanced-icon-box\" data-id=\"fdeee45\" data-element_type=\"widget\" data-e-type=\"widget\" data-widget_type=\"bdt-advanced-icon-box.default\">\n\t\t\t\t\t\t\t<div class=\"bdt-ep-advanced-icon-box\">\n\n\t\t\t\t\t\t\t\n\t\t\t\t\t<div class=\"bdt-ep-advanced-icon-box-icon\">\n\t\t\t\t<span class=\"bdt-ep-advanced-icon-box-icon-wrap\">\n\n\n\t\t\t\t\t<img loading=\"lazy\" decoding=\"async\" width=\"768\" height=\"512\" src=\"https:\/\/utk.ee\/wp-content\/uploads\/2025\/11\/placeholder-85-768x512.png\" class=\"attachment-medium_large size-medium_large\" alt=\"Teele T\u0161oba\" srcset=\"https:\/\/utk.ee\/wp-content\/uploads\/2025\/11\/placeholder-85-768x512.png 768w, https:\/\/utk.ee\/wp-content\/uploads\/2025\/11\/placeholder-85-600x400.png 600w, https:\/\/utk.ee\/wp-content\/uploads\/2025\/11\/placeholder-85-300x200.png 300w, https:\/\/utk.ee\/wp-content\/uploads\/2025\/11\/placeholder-85-1024x683.png 1024w, https:\/\/utk.ee\/wp-content\/uploads\/2025\/11\/placeholder-85-650x433.png 650w, https:\/\/utk.ee\/wp-content\/uploads\/2025\/11\/placeholder-85.png 1200w\" sizes=\"(max-width: 768px) 100vw, 768px\" \/>\t\t\t\t<\/span>\n\t\t\t<\/div>\n\t\t\n\t\t\t\t\n\t\t\t<div class=\"bdt-ep-advanced-icon-box-content\">\n\n\t\t\t\t\t\t\t\t\t\n\t\t\t\t\t<h3 class=\"bdt-ep-advanced-icon-box-title ep-title-\">\n\t\t\t\t<span >\n\t\t\t\t\tTeele T\u0161oba\t\t\t\t<\/span>\n\t\t\t<\/h3>\n\t\t\n\n\t\t\t\t\t<div class=\"bdt-ep-advanced-icon-box-sub-title\">\n\t\t\t\tF\u00fcsioterapeut. T\u00f6\u00f6keeled: eesti, inglise.\t\t\t<\/div>\n\t\t\n\t\t\t\t\t\n\t\t\t\t\n\t\t\t\t\t\t\t\t\t<div class=\"bdt-ep-advanced-icon-box-description\">\n\t\t\t\t\t\t<p>Teele on l\u00f5petanud Tartu \u00dclikoolis f\u00fcsioteraapia eriala bakalaureuse\u00f5ppe. Tal on mitmek\u00fclgne t\u00f6\u00f6kogemus nii tervishoius kui ka spordivaldkonnas: Teele on t\u00f6\u00f6tanud Viljandi Haigla ambulatoorses ja statsionaarses osakonnas ning Audentese Spordikoolis orienteerumise treenerina 7\u201318-aastastele lastele ja noortele. <strong><a href=\"https:\/\/utk.ee\/teele-tsoba-fusioterapeut\/\">Loe lisa.<\/a><\/strong><\/p>\t\t\t\t\t<\/div>\n\t\t\t\t\n\t\t\t\t\t\t\t\t\t<a class=\"bdt-ep-advanced-icon-box-readmore bdt-display-inline-block\" href=\"https:\/\/connectedserver.eu\/ConnectedOnlineX\/default.aspx?key=tfmSkh6b&#038;lang=et\">\n\t\t\t\t\t\tBroneeri vastuv\u00f5tule\n\t\t\t\t\t\t\n\t\t\t\t\t\t\t<span class=\"bdt-button-icon-align-right\">\n\n\t\t\t\t\t\t\t\t<i aria-hidden=\"true\" class=\"fa-fw ti ti-angle-right\"><\/i>\n\t\t\t\t\t\t\t<\/span>\n\n\t\t\t\t\t\t\t\t\t\t\t<\/a>\n\t\t\t\t\t\t\t<\/div>\n\t\t<\/div>\n\n\t\t\n\t\t\n\t\t\t\t<\/div>\n\t\t\t\t\t<\/div>\n\t\t<\/div>\n\t\t\t\t\t<\/div>\n\t\t<\/section>\n\t\t\t\t<section class=\"ep-section-eql-height elementor-section elementor-inner-section elementor-element elementor-element-a5f4913 elementor-section-boxed elementor-section-height-default elementor-section-height-default\" bdt-height-match=\"target: .ep-section-eql-height .elementor-element .elementor-widget\" data-id=\"a5f4913\" data-element_type=\"section\" data-e-type=\"section\">\n\t\t\t\t\t\t<div class=\"elementor-container elementor-column-gap-default\">\n\t\t\t\t\t<div class=\"elementor-column elementor-col-33 elementor-inner-column elementor-element elementor-element-3499f27\" data-id=\"3499f27\" data-element_type=\"column\" data-e-type=\"column\">\n\t\t\t<div class=\"elementor-widget-wrap elementor-element-populated\">\n\t\t\t\t\t\t<div class=\"elementor-element elementor-element-e72b773 bdt-icon-type-image bdt-ep-advanced-icon-box-readmore-fullwidth-yes elementor-position-top bdt-icon-effect-none elementor-widget elementor-widget-bdt-advanced-icon-box\" data-id=\"e72b773\" data-element_type=\"widget\" data-e-type=\"widget\" data-widget_type=\"bdt-advanced-icon-box.default\">\n\t\t\t\t\t\t\t<div class=\"bdt-ep-advanced-icon-box\">\n\n\t\t\t\t\t\t\t\n\t\t\t\t\t<div class=\"bdt-ep-advanced-icon-box-icon\">\n\t\t\t\t<span class=\"bdt-ep-advanced-icon-box-icon-wrap\">\n\n\n\t\t\t\t\t<img loading=\"lazy\" decoding=\"async\" width=\"768\" height=\"512\" src=\"https:\/\/utk.ee\/wp-content\/uploads\/2026\/02\/Fusioterapeut-Tamara-Gebenova-768x512.jpg\" class=\"attachment-medium_large size-medium_large\" alt=\"Tamara Gebenova\" srcset=\"https:\/\/utk.ee\/wp-content\/uploads\/2026\/02\/Fusioterapeut-Tamara-Gebenova-768x512.jpg 768w, https:\/\/utk.ee\/wp-content\/uploads\/2026\/02\/Fusioterapeut-Tamara-Gebenova-600x400.jpg 600w, https:\/\/utk.ee\/wp-content\/uploads\/2026\/02\/Fusioterapeut-Tamara-Gebenova-300x200.jpg 300w, https:\/\/utk.ee\/wp-content\/uploads\/2026\/02\/Fusioterapeut-Tamara-Gebenova-1024x683.jpg 1024w, https:\/\/utk.ee\/wp-content\/uploads\/2026\/02\/Fusioterapeut-Tamara-Gebenova-1536x1024.jpg 1536w, https:\/\/utk.ee\/wp-content\/uploads\/2026\/02\/Fusioterapeut-Tamara-Gebenova-650x433.jpg 650w, https:\/\/utk.ee\/wp-content\/uploads\/2026\/02\/Fusioterapeut-Tamara-Gebenova.jpg 2048w\" sizes=\"(max-width: 768px) 100vw, 768px\" \/>\t\t\t\t<\/span>\n\t\t\t<\/div>\n\t\t\n\t\t\t\t\n\t\t\t<div class=\"bdt-ep-advanced-icon-box-content\">\n\n\t\t\t\t\t\t\t\t\t\n\t\t\t\t\t<h3 class=\"bdt-ep-advanced-icon-box-title ep-title-\">\n\t\t\t\t<span >\n\t\t\t\t\tTamara Gebenova\t\t\t\t<\/span>\n\t\t\t<\/h3>\n\t\t\n\n\t\t\t\t\t<div class=\"bdt-ep-advanced-icon-box-sub-title\">\n\t\t\t\tF\u00fcsioterapeut. T\u00f6\u00f6keeled: eesti, vene, inglise, hispaania.\t\t\t<\/div>\n\t\t\n\t\t\t\t\t\n\t\t\t\t\n\t\t\t\t\t\t\t\t\t<div class=\"bdt-ep-advanced-icon-box-description\">\n\t\t\t\t\t\t<div class=\"wpb_column vc_column_container vc_col-sm-4\"><div class=\"wpb_wrapper\"><div class=\"wpb_text_column wpb_content_element \"><div class=\"wpb_wrapper\"><p class=\"p1\">Tamara on l\u00f5petanud f\u00fcsioteraapia eriala Tartu \u00dclikoolis. F\u00fcsioterapeudina on ta t\u00f6\u00f6tanud kokku \u00fcle k\u00fcmne aasta, sealhulgas k\u00f5ige pikemalt P\u00f5hja-Eesti Regionaalhaiglas. <a href=\"https:\/\/utk.ee\/tamara-gebenova-fusioterapeut\/\"><strong>Loe lisa.<\/strong><\/a><\/p><\/div><\/div><\/div><\/div>\t\t\t\t\t<\/div>\n\t\t\t\t\n\t\t\t\t\t\t\t\t\t<a class=\"bdt-ep-advanced-icon-box-readmore bdt-display-inline-block\" href=\"https:\/\/connectedserver.eu\/ConnectedOnlineX\/default.aspx?key=8vLHGbX8&#038;lang=et\">\n\t\t\t\t\t\tBroneeri vastuv\u00f5tule\n\t\t\t\t\t\t\n\t\t\t\t\t\t\t<span class=\"bdt-button-icon-align-right\">\n\n\t\t\t\t\t\t\t\t<i aria-hidden=\"true\" class=\"fa-fw ti ti-angle-right\"><\/i>\n\t\t\t\t\t\t\t<\/span>\n\n\t\t\t\t\t\t\t\t\t\t\t<\/a>\n\t\t\t\t\t\t\t<\/div>\n\t\t<\/div>\n\n\t\t\n\t\t\n\t\t\t\t<\/div>\n\t\t\t\t\t<\/div>\n\t\t<\/div>\n\t\t\t\t<div class=\"elementor-column elementor-col-33 elementor-inner-column elementor-element elementor-element-3503a4f\" data-id=\"3503a4f\" data-element_type=\"column\" data-e-type=\"column\">\n\t\t\t<div class=\"elementor-widget-wrap elementor-element-populated\">\n\t\t\t\t\t\t<div class=\"elementor-element elementor-element-0393b19 bdt-icon-type-image bdt-ep-advanced-icon-box-readmore-fullwidth-yes elementor-position-top bdt-icon-effect-none elementor-widget elementor-widget-bdt-advanced-icon-box\" data-id=\"0393b19\" data-element_type=\"widget\" data-e-type=\"widget\" data-widget_type=\"bdt-advanced-icon-box.default\">\n\t\t\t\t\t\t\t<div class=\"bdt-ep-advanced-icon-box\">\n\n\t\t\t\t\t\t\t\n\t\t\t\t\t<div class=\"bdt-ep-advanced-icon-box-icon\">\n\t\t\t\t<span class=\"bdt-ep-advanced-icon-box-icon-wrap\">\n\n\n\t\t\t\t\t<img loading=\"lazy\" decoding=\"async\" width=\"768\" height=\"512\" src=\"https:\/\/utk.ee\/wp-content\/uploads\/2026\/02\/Fusioterapeut-Ann-Brit-Altmets-768x512.jpg\" class=\"attachment-medium_large size-medium_large\" alt=\"Ann Brit Altmets\" srcset=\"https:\/\/utk.ee\/wp-content\/uploads\/2026\/02\/Fusioterapeut-Ann-Brit-Altmets-768x512.jpg 768w, https:\/\/utk.ee\/wp-content\/uploads\/2026\/02\/Fusioterapeut-Ann-Brit-Altmets-600x400.jpg 600w, https:\/\/utk.ee\/wp-content\/uploads\/2026\/02\/Fusioterapeut-Ann-Brit-Altmets-300x200.jpg 300w, https:\/\/utk.ee\/wp-content\/uploads\/2026\/02\/Fusioterapeut-Ann-Brit-Altmets-1024x683.jpg 1024w, https:\/\/utk.ee\/wp-content\/uploads\/2026\/02\/Fusioterapeut-Ann-Brit-Altmets-1536x1024.jpg 1536w, https:\/\/utk.ee\/wp-content\/uploads\/2026\/02\/Fusioterapeut-Ann-Brit-Altmets-650x433.jpg 650w, https:\/\/utk.ee\/wp-content\/uploads\/2026\/02\/Fusioterapeut-Ann-Brit-Altmets.jpg 2048w\" sizes=\"(max-width: 768px) 100vw, 768px\" \/>\t\t\t\t<\/span>\n\t\t\t<\/div>\n\t\t\n\t\t\t\t\n\t\t\t<div class=\"bdt-ep-advanced-icon-box-content\">\n\n\t\t\t\t\t\t\t\t\t\n\t\t\t\t\t<h3 class=\"bdt-ep-advanced-icon-box-title ep-title-\">\n\t\t\t\t<span >\n\t\t\t\t\tAnn Brit Altmets\t\t\t\t<\/span>\n\t\t\t<\/h3>\n\t\t\n\n\t\t\t\t\t<div class=\"bdt-ep-advanced-icon-box-sub-title\">\n\t\t\t\tF\u00fcsioterapeut. T\u00f6\u00f6keeled: eesti, inglise, vene.\t\t\t<\/div>\n\t\t\n\t\t\t\t\t\n\t\t\t\t\n\t\t\t\t\t\t\t\t\t<div class=\"bdt-ep-advanced-icon-box-description\">\n\t\t\t\t\t\t<p class=\"p1\">Ann Brit on omandanud f\u00fcsioteraapia erialal rakendusk\u00f5rghariduse Tartu Tervishoiu K\u00f5rgkoolis ja magistrikraadi Tartu \u00dclikoolis. Oma t\u00f6\u00f6elu f\u00fcsioterapeudina alustas ta taastusravi statsionaarses osakonnas. <a href=\"https:\/\/utk.ee\/ann-brit-altmets-fusioterapeut\/\"><strong>Loe lisa.<\/strong><\/a><\/p>\t\t\t\t\t<\/div>\n\t\t\t\t\n\t\t\t\t\t\t\t\t\t<a class=\"bdt-ep-advanced-icon-box-readmore bdt-display-inline-block\" href=\"https:\/\/connectedserver.eu\/ConnectedOnlineX\/default.aspx?key=leCYNhuu&#038;lang=et\">\n\t\t\t\t\t\tBroneeri vastuv\u00f5tule\n\t\t\t\t\t\t\n\t\t\t\t\t\t\t<span class=\"bdt-button-icon-align-right\">\n\n\t\t\t\t\t\t\t\t<i aria-hidden=\"true\" class=\"fa-fw ti ti-angle-right\"><\/i>\n\t\t\t\t\t\t\t<\/span>\n\n\t\t\t\t\t\t\t\t\t\t\t<\/a>\n\t\t\t\t\t\t\t<\/div>\n\t\t<\/div>\n\n\t\t\n\t\t\n\t\t\t\t<\/div>\n\t\t\t\t\t<\/div>\n\t\t<\/div>\n\t\t\t\t<div class=\"elementor-column elementor-col-33 elementor-inner-column elementor-element elementor-element-624bf8c\" data-id=\"624bf8c\" data-element_type=\"column\" data-e-type=\"column\">\n\t\t\t<div class=\"elementor-widget-wrap elementor-element-populated\">\n\t\t\t\t\t\t<div class=\"elementor-element elementor-element-5cdabdf bdt-icon-type-image bdt-ep-advanced-icon-box-readmore-fullwidth-yes elementor-position-top bdt-icon-effect-none elementor-widget elementor-widget-bdt-advanced-icon-box\" data-id=\"5cdabdf\" data-element_type=\"widget\" data-e-type=\"widget\" data-widget_type=\"bdt-advanced-icon-box.default\">\n\t\t\t\t\t\t\t<div class=\"bdt-ep-advanced-icon-box\">\n\n\t\t\t\t\t\t\t\n\t\t\t\t\t<div class=\"bdt-ep-advanced-icon-box-icon\">\n\t\t\t\t<span class=\"bdt-ep-advanced-icon-box-icon-wrap\">\n\n\n\t\t\t\t\t<img loading=\"lazy\" decoding=\"async\" width=\"768\" height=\"512\" src=\"https:\/\/utk.ee\/wp-content\/uploads\/2026\/02\/Fusioterapeut-Anna-Britt_Kivimagi-768x512.jpg\" class=\"attachment-medium_large size-medium_large\" alt=\"Anna-Brit Kivim\u00e4gi\" srcset=\"https:\/\/utk.ee\/wp-content\/uploads\/2026\/02\/Fusioterapeut-Anna-Britt_Kivimagi-768x512.jpg 768w, https:\/\/utk.ee\/wp-content\/uploads\/2026\/02\/Fusioterapeut-Anna-Britt_Kivimagi-600x400.jpg 600w, https:\/\/utk.ee\/wp-content\/uploads\/2026\/02\/Fusioterapeut-Anna-Britt_Kivimagi-300x200.jpg 300w, https:\/\/utk.ee\/wp-content\/uploads\/2026\/02\/Fusioterapeut-Anna-Britt_Kivimagi-1024x683.jpg 1024w, https:\/\/utk.ee\/wp-content\/uploads\/2026\/02\/Fusioterapeut-Anna-Britt_Kivimagi-1536x1024.jpg 1536w, https:\/\/utk.ee\/wp-content\/uploads\/2026\/02\/Fusioterapeut-Anna-Britt_Kivimagi-650x433.jpg 650w, https:\/\/utk.ee\/wp-content\/uploads\/2026\/02\/Fusioterapeut-Anna-Britt_Kivimagi.jpg 2048w\" sizes=\"(max-width: 768px) 100vw, 768px\" \/>\t\t\t\t<\/span>\n\t\t\t<\/div>\n\t\t\n\t\t\t\t\n\t\t\t<div class=\"bdt-ep-advanced-icon-box-content\">\n\n\t\t\t\t\t\t\t\t\t\n\t\t\t\t\t<h3 class=\"bdt-ep-advanced-icon-box-title ep-title-\">\n\t\t\t\t<span >\n\t\t\t\t\tAnna-Brit Kivim\u00e4gi\t\t\t\t<\/span>\n\t\t\t<\/h3>\n\t\t\n\n\t\t\t\t\t<div class=\"bdt-ep-advanced-icon-box-sub-title\">\n\t\t\t\tF\u00fcsioterapeut. T\u00f6\u00f6keeled: eesti, inglise.\t\t\t<\/div>\n\t\t\n\t\t\t\t\t\n\t\t\t\t\n\t\t\t\t\t\t\t\t\t<div class=\"bdt-ep-advanced-icon-box-description\">\n\t\t\t\t\t\t<p class=\"p1\"><span class=\"s1\">Anna-Britil on bakalaureuse kraad<\/span> f\u00fcsioteraapia alal Tartu Tervishoiu K\u00f5rgkoolist. Ta on t\u00f6\u00f6tanud f\u00fcsioterapeudina P\u00f5hja-Eesti Regionaalhaiglas ja Jalgpalliklubis Tallinna Kalev, aeg-ajalt asendab ta f\u00fcsioterapeute spordiklubide juures. <a href=\"https:\/\/utk.ee\/anna-britt-kivimagi-fusioterapeut\/\"><strong>Loe lisa.<\/strong><\/a><\/p>\t\t\t\t\t<\/div>\n\t\t\t\t\n\t\t\t\t\t\t\t\t\t<a class=\"bdt-ep-advanced-icon-box-readmore bdt-display-inline-block\" href=\"https:\/\/connectedserver.eu\/ConnectedOnlineX\/default.aspx?key=r0CB2xkl&#038;lang=et\">\n\t\t\t\t\t\tBroneeri vastuv\u00f5tule\n\t\t\t\t\t\t\n\t\t\t\t\t\t\t<span class=\"bdt-button-icon-align-right\">\n\n\t\t\t\t\t\t\t\t<i aria-hidden=\"true\" class=\"fa-fw ti ti-angle-right\"><\/i>\n\t\t\t\t\t\t\t<\/span>\n\n\t\t\t\t\t\t\t\t\t\t\t<\/a>\n\t\t\t\t\t\t\t<\/div>\n\t\t<\/div>\n\n\t\t\n\t\t\n\t\t\t\t<\/div>\n\t\t\t\t\t<\/div>\n\t\t<\/div>\n\t\t\t\t\t<\/div>\n\t\t<\/section>\n\t\t\t\t<div class=\"elementor-element elementor-element-a97711b elementor-widget elementor-widget-heading\" data-id=\"a97711b\" data-element_type=\"widget\" data-e-type=\"widget\" data-widget_type=\"heading.default\">\n\t\t\t\t\t<h2 class=\"elementor-heading-title elementor-size-default\">Administratsioon<\/h2>\t\t\t\t<\/div>\n\t\t\t\t<section class=\"ep-section-eql-height elementor-section elementor-inner-section elementor-element elementor-element-9bff151 elementor-section-boxed elementor-section-height-default elementor-section-height-default\" bdt-height-match=\"target: .ep-section-eql-height .elementor-element .elementor-widget\" data-id=\"9bff151\" data-element_type=\"section\" data-e-type=\"section\" data-settings=\"{&quot;background_background&quot;:&quot;classic&quot;}\">\n\t\t\t\t\t\t<div class=\"elementor-container elementor-column-gap-default\">\n\t\t\t\t\t<div class=\"elementor-column elementor-col-33 elementor-inner-column elementor-element elementor-element-1da2aea\" data-id=\"1da2aea\" data-element_type=\"column\" data-e-type=\"column\">\n\t\t\t<div class=\"elementor-widget-wrap elementor-element-populated\">\n\t\t\t\t\t\t<div class=\"elementor-element elementor-element-6b991d9 bdt-icon-type-image bdt-ep-advanced-icon-box-readmore-fullwidth-yes elementor-position-top bdt-icon-effect-none elementor-widget elementor-widget-bdt-advanced-icon-box\" data-id=\"6b991d9\" data-element_type=\"widget\" data-e-type=\"widget\" data-widget_type=\"bdt-advanced-icon-box.default\">\n\t\t\t\t\t\t\t<div class=\"bdt-ep-advanced-icon-box\">\n\n\t\t\t\t\t\t\t\n\t\t\t\t\t<div class=\"bdt-ep-advanced-icon-box-icon\">\n\t\t\t\t<span class=\"bdt-ep-advanced-icon-box-icon-wrap\">\n\n\n\t\t\t\t\t<img loading=\"lazy\" decoding=\"async\" width=\"768\" height=\"512\" src=\"https:\/\/utk.ee\/wp-content\/uploads\/2026\/02\/Artjom-Timtsuk-fusioterapeut-768x512.jpg\" class=\"attachment-medium_large size-medium_large\" alt=\"Artjom Timt\u0161uk\" srcset=\"https:\/\/utk.ee\/wp-content\/uploads\/2026\/02\/Artjom-Timtsuk-fusioterapeut-768x512.jpg 768w, https:\/\/utk.ee\/wp-content\/uploads\/2026\/02\/Artjom-Timtsuk-fusioterapeut-600x400.jpg 600w, https:\/\/utk.ee\/wp-content\/uploads\/2026\/02\/Artjom-Timtsuk-fusioterapeut-300x200.jpg 300w, https:\/\/utk.ee\/wp-content\/uploads\/2026\/02\/Artjom-Timtsuk-fusioterapeut-1024x683.jpg 1024w, https:\/\/utk.ee\/wp-content\/uploads\/2026\/02\/Artjom-Timtsuk-fusioterapeut-1536x1024.jpg 1536w, https:\/\/utk.ee\/wp-content\/uploads\/2026\/02\/Artjom-Timtsuk-fusioterapeut-650x433.jpg 650w, https:\/\/utk.ee\/wp-content\/uploads\/2026\/02\/Artjom-Timtsuk-fusioterapeut.jpg 2048w\" sizes=\"(max-width: 768px) 100vw, 768px\" \/>\t\t\t\t<\/span>\n\t\t\t<\/div>\n\t\t\n\t\t\t\t\n\t\t\t<div class=\"bdt-ep-advanced-icon-box-content\">\n\n\t\t\t\t\t\t\t\t\t\n\t\t\t\t\t<h3 class=\"bdt-ep-advanced-icon-box-title ep-title-\">\n\t\t\t\t<span >\n\t\t\t\t\tArtjom Timt\u0161uk\t\t\t\t<\/span>\n\t\t\t<\/h3>\n\t\t\n\n\t\t\t\t\t<div class=\"bdt-ep-advanced-icon-box-sub-title\">\n\t\t\t\tKliiniku juht. T\u00f6\u00f6keeled: eesti, inglise, vene.\t\t\t<\/div>\n\t\t\n\t\t\t\t\t\n\t\t\t\t\n\t\t\t\t\t\t\t\t\t<div class=\"bdt-ep-advanced-icon-box-description\">\n\t\t\t\t\t\t<p>Artjom on kogenud f\u00fcsioterapeut ja juht, kes on l\u00f5petanud Tartu \u00dclikooli f\u00fcsioteraapia erialal ning \u00f5pib praegu Tallinna \u00dclikooli magistri\u00f5ppes organisatsioonik\u00e4itumist. <a href=\"https:\/\/utk.ee\/artjom-timtsuk-fusioteraapiakliiniku-juht\/\"><strong>Loe lisa.<\/strong><\/a><\/p>\t\t\t\t\t<\/div>\n\t\t\t\t\n\t\t\t\t\t\t\t\t\t<a class=\"bdt-ep-advanced-icon-box-readmore bdt-display-inline-block\" href=\"https:\/\/connectedserver.eu\/ConnectedOnlineX\/default.aspx?key=ooBmUxR4&#038;lang=et\">\n\t\t\t\t\t\tBroneeri vastuv\u00f5tule\n\t\t\t\t\t\t\n\t\t\t\t\t\t\t<span class=\"bdt-button-icon-align-right\">\n\n\t\t\t\t\t\t\t\t<i aria-hidden=\"true\" class=\"fa-fw ti ti-angle-right\"><\/i>\n\t\t\t\t\t\t\t<\/span>\n\n\t\t\t\t\t\t\t\t\t\t\t<\/a>\n\t\t\t\t\t\t\t<\/div>\n\t\t<\/div>\n\n\t\t\n\t\t\n\t\t\t\t<\/div>\n\t\t\t\t\t<\/div>\n\t\t<\/div>\n\t\t\t\t<div class=\"elementor-column elementor-col-33 elementor-inner-column elementor-element elementor-element-dc7e041\" data-id=\"dc7e041\" data-element_type=\"column\" data-e-type=\"column\">\n\t\t\t<div class=\"elementor-widget-wrap elementor-element-populated\">\n\t\t\t\t\t\t<div class=\"elementor-element elementor-element-349b5a6 bdt-icon-type-image elementor-position-top bdt-icon-effect-none elementor-widget elementor-widget-bdt-advanced-icon-box\" data-id=\"349b5a6\" data-element_type=\"widget\" data-e-type=\"widget\" data-widget_type=\"bdt-advanced-icon-box.default\">\n\t\t\t\t\t\t\t<div class=\"bdt-ep-advanced-icon-box\">\n\n\t\t\t\t\t\t\t\n\t\t\t\t\t<div class=\"bdt-ep-advanced-icon-box-icon\">\n\t\t\t\t<span class=\"bdt-ep-advanced-icon-box-icon-wrap\">\n\n\n\t\t\t\t\t<img loading=\"lazy\" decoding=\"async\" width=\"768\" height=\"512\" src=\"https:\/\/utk.ee\/wp-content\/uploads\/2025\/11\/WEB_057_Konsultant_Silver_Uustalu_ametiportree-pildid_Fotograaf-Evelin-Elmest-768x512.jpg\" class=\"attachment-medium_large size-medium_large\" alt=\"Silver Uustalu\" srcset=\"https:\/\/utk.ee\/wp-content\/uploads\/2025\/11\/WEB_057_Konsultant_Silver_Uustalu_ametiportree-pildid_Fotograaf-Evelin-Elmest-768x512.jpg 768w, https:\/\/utk.ee\/wp-content\/uploads\/2025\/11\/WEB_057_Konsultant_Silver_Uustalu_ametiportree-pildid_Fotograaf-Evelin-Elmest-600x400.jpg 600w, https:\/\/utk.ee\/wp-content\/uploads\/2025\/11\/WEB_057_Konsultant_Silver_Uustalu_ametiportree-pildid_Fotograaf-Evelin-Elmest-300x200.jpg 300w, https:\/\/utk.ee\/wp-content\/uploads\/2025\/11\/WEB_057_Konsultant_Silver_Uustalu_ametiportree-pildid_Fotograaf-Evelin-Elmest-1024x683.jpg 1024w, https:\/\/utk.ee\/wp-content\/uploads\/2025\/11\/WEB_057_Konsultant_Silver_Uustalu_ametiportree-pildid_Fotograaf-Evelin-Elmest-1536x1024.jpg 1536w, https:\/\/utk.ee\/wp-content\/uploads\/2025\/11\/WEB_057_Konsultant_Silver_Uustalu_ametiportree-pildid_Fotograaf-Evelin-Elmest-650x433.jpg 650w, https:\/\/utk.ee\/wp-content\/uploads\/2025\/11\/WEB_057_Konsultant_Silver_Uustalu_ametiportree-pildid_Fotograaf-Evelin-Elmest.jpg 2048w\" sizes=\"(max-width: 768px) 100vw, 768px\" \/>\t\t\t\t<\/span>\n\t\t\t<\/div>\n\t\t\n\t\t\t\t\n\t\t\t<div class=\"bdt-ep-advanced-icon-box-content\">\n\n\t\t\t\t\t\t\t\t\t\n\t\t\t\t\t<h3 class=\"bdt-ep-advanced-icon-box-title ep-title-\">\n\t\t\t\t<span >\n\t\t\t\t\tSilver Uustalu\t\t\t\t<\/span>\n\t\t\t<\/h3>\n\t\t\n\n\t\t\t\t\t<div class=\"bdt-ep-advanced-icon-box-sub-title\">\n\t\t\t\tKonsultant. T\u00f6\u00f6keeled: eesti, inglise.\t\t\t<\/div>\n\t\t\n\t\t\t\t\t\n\t\t\t\t\n\t\t\t\t\t\t\t\t\t<div class=\"bdt-ep-advanced-icon-box-description\">\n\t\t\t\t\t\t<p class=\"p1\"><span class=\"s1\">Silver on l\u00f5petanud Tallinna \u00dclikooli Terviseteaduste ja Spordi Instituudi ning omandanud EBSist (<i>Estonian Business School<\/i>) MBA ehk \u00e4rijuhtimise magistrikraadi. <\/span><span class=\"s1\">\u00dcle k\u00fcmne aasta on ta tegelenud erameditsiini ettev\u00f5tete arendamise ja juhtimisega. <a href=\"https:\/\/utk.ee\/silver-uustalu-konsultant\/\"><strong>Loe lisa.<\/strong><\/a><\/span><\/p>\t\t\t\t\t<\/div>\n\t\t\t\t\n\t\t\t\t\t\t\t<\/div>\n\t\t<\/div>\n\n\t\t\n\t\t\n\t\t\t\t<\/div>\n\t\t\t\t\t<\/div>\n\t\t<\/div>\n\t\t\t\t<div class=\"elementor-column elementor-col-33 elementor-inner-column elementor-element elementor-element-4720482\" data-id=\"4720482\" data-element_type=\"column\" data-e-type=\"column\">\n\t\t\t<div class=\"elementor-widget-wrap elementor-element-populated\">\n\t\t\t\t\t\t<div class=\"elementor-element elementor-element-f2b8264 bdt-icon-type-image elementor-position-top bdt-icon-effect-none elementor-widget elementor-widget-bdt-advanced-icon-box\" data-id=\"f2b8264\" data-element_type=\"widget\" data-e-type=\"widget\" data-widget_type=\"bdt-advanced-icon-box.default\">\n\t\t\t\t\t\t\t<div class=\"bdt-ep-advanced-icon-box\">\n\n\t\t\t\t\t\t\t\n\t\t\t\t\t<div class=\"bdt-ep-advanced-icon-box-icon\">\n\t\t\t\t<span class=\"bdt-ep-advanced-icon-box-icon-wrap\">\n\n\n\t\t\t\t\t<img loading=\"lazy\" decoding=\"async\" width=\"768\" height=\"512\" src=\"https:\/\/utk.ee\/wp-content\/uploads\/2025\/11\/WEB_087_Konsultant_Helen_Leppik_ametiportree-pildid_Fotograaf-Evelin-Elmest-768x512.jpg\" class=\"attachment-medium_large size-medium_large\" alt=\"Helen Leppik\" srcset=\"https:\/\/utk.ee\/wp-content\/uploads\/2025\/11\/WEB_087_Konsultant_Helen_Leppik_ametiportree-pildid_Fotograaf-Evelin-Elmest-768x512.jpg 768w, https:\/\/utk.ee\/wp-content\/uploads\/2025\/11\/WEB_087_Konsultant_Helen_Leppik_ametiportree-pildid_Fotograaf-Evelin-Elmest-600x400.jpg 600w, https:\/\/utk.ee\/wp-content\/uploads\/2025\/11\/WEB_087_Konsultant_Helen_Leppik_ametiportree-pildid_Fotograaf-Evelin-Elmest-300x200.jpg 300w, https:\/\/utk.ee\/wp-content\/uploads\/2025\/11\/WEB_087_Konsultant_Helen_Leppik_ametiportree-pildid_Fotograaf-Evelin-Elmest-1024x683.jpg 1024w, https:\/\/utk.ee\/wp-content\/uploads\/2025\/11\/WEB_087_Konsultant_Helen_Leppik_ametiportree-pildid_Fotograaf-Evelin-Elmest-1536x1024.jpg 1536w, https:\/\/utk.ee\/wp-content\/uploads\/2025\/11\/WEB_087_Konsultant_Helen_Leppik_ametiportree-pildid_Fotograaf-Evelin-Elmest-650x433.jpg 650w, https:\/\/utk.ee\/wp-content\/uploads\/2025\/11\/WEB_087_Konsultant_Helen_Leppik_ametiportree-pildid_Fotograaf-Evelin-Elmest.jpg 2048w\" sizes=\"(max-width: 768px) 100vw, 768px\" \/>\t\t\t\t<\/span>\n\t\t\t<\/div>\n\t\t\n\t\t\t\t\n\t\t\t<div class=\"bdt-ep-advanced-icon-box-content\">\n\n\t\t\t\t\t\t\t\t\t\n\t\t\t\t\t<h3 class=\"bdt-ep-advanced-icon-box-title ep-title-\">\n\t\t\t\t<span >\n\t\t\t\t\tHelen Leppik\t\t\t\t<\/span>\n\t\t\t<\/h3>\n\t\t\n\n\t\t\t\t\t<div class=\"bdt-ep-advanced-icon-box-sub-title\">\n\t\t\t\tKonsultant ja personaaltreener. T\u00f6\u00f6keeled: eesti, inglise.\t\t\t<\/div>\n\t\t\n\t\t\t\t\t\n\t\t\t\t\n\t\t\t\t\t\t\t\t\t<div class=\"bdt-ep-advanced-icon-box-description\">\n\t\t\t\t\t\t<p class=\"p1\">Helen on l\u00f5petanud Tartu \u00dclikooli treening\u00f5petuse ja spordijuhtimise eriala ning omab rahvusvaheliselt tunnustatud kvalifikatsioone personaaltreenerina: EREPS (<i>European Register of Exercise Professionals<\/i>) 4. tase ja FAF Eesti (<i>Fitness Academy of Finland<\/i>) 4. kutsetase. <strong><a href=\"https:\/\/utk.ee\/helen-leppik-personaaltreener\/\">Loe lisa.<\/a><\/strong><\/p>\t\t\t\t\t<\/div>\n\t\t\t\t\n\t\t\t\t\t\t\t<\/div>\n\t\t<\/div>\n\n\t\t\n\t\t\n\t\t\t\t<\/div>\n\t\t\t\t\t<\/div>\n\t\t<\/div>\n\t\t\t\t\t<\/div>\n\t\t<\/section>\n\t\t\t\t<section class=\"ep-section-eql-height elementor-section elementor-inner-section elementor-element elementor-element-c6dfe58 elementor-section-boxed elementor-section-height-default elementor-section-height-default\" bdt-height-match=\"target: .ep-section-eql-height .elementor-element .elementor-widget\" data-id=\"c6dfe58\" data-element_type=\"section\" data-e-type=\"section\" data-settings=\"{&quot;background_background&quot;:&quot;classic&quot;}\">\n\t\t\t\t\t\t<div class=\"elementor-container elementor-column-gap-default\">\n\t\t\t\t\t<div class=\"elementor-column elementor-col-33 elementor-inner-column elementor-element elementor-element-7c7c1cf\" data-id=\"7c7c1cf\" data-element_type=\"column\" data-e-type=\"column\">\n\t\t\t<div class=\"elementor-widget-wrap elementor-element-populated\">\n\t\t\t\t\t\t<div class=\"elementor-element elementor-element-420f623 bdt-icon-type-image elementor-position-top bdt-icon-effect-none elementor-widget elementor-widget-bdt-advanced-icon-box\" data-id=\"420f623\" data-element_type=\"widget\" data-e-type=\"widget\" data-widget_type=\"bdt-advanced-icon-box.default\">\n\t\t\t\t\t\t\t<div class=\"bdt-ep-advanced-icon-box\">\n\n\t\t\t\t\t\t\t\n\t\t\t\t\t<div class=\"bdt-ep-advanced-icon-box-icon\">\n\t\t\t\t<span class=\"bdt-ep-advanced-icon-box-icon-wrap\">\n\n\n\t\t\t\t\t<img loading=\"lazy\" decoding=\"async\" width=\"768\" height=\"512\" src=\"https:\/\/utk.ee\/wp-content\/uploads\/2026\/02\/Fusioterapeut-Maret-Muur-768x512.jpg\" class=\"attachment-medium_large size-medium_large\" alt=\"Maret M\u00fc\u00fcr\" srcset=\"https:\/\/utk.ee\/wp-content\/uploads\/2026\/02\/Fusioterapeut-Maret-Muur-768x512.jpg 768w, https:\/\/utk.ee\/wp-content\/uploads\/2026\/02\/Fusioterapeut-Maret-Muur-600x400.jpg 600w, https:\/\/utk.ee\/wp-content\/uploads\/2026\/02\/Fusioterapeut-Maret-Muur-300x200.jpg 300w, https:\/\/utk.ee\/wp-content\/uploads\/2026\/02\/Fusioterapeut-Maret-Muur-1024x683.jpg 1024w, https:\/\/utk.ee\/wp-content\/uploads\/2026\/02\/Fusioterapeut-Maret-Muur-1536x1024.jpg 1536w, https:\/\/utk.ee\/wp-content\/uploads\/2026\/02\/Fusioterapeut-Maret-Muur-650x433.jpg 650w, https:\/\/utk.ee\/wp-content\/uploads\/2026\/02\/Fusioterapeut-Maret-Muur.jpg 2048w\" sizes=\"(max-width: 768px) 100vw, 768px\" \/>\t\t\t\t<\/span>\n\t\t\t<\/div>\n\t\t\n\t\t\t\t\n\t\t\t<div class=\"bdt-ep-advanced-icon-box-content\">\n\n\t\t\t\t\t\t\t\t\t\n\t\t\t\t\t<h3 class=\"bdt-ep-advanced-icon-box-title ep-title-\">\n\t\t\t\t<span >\n\t\t\t\t\tMaret M\u00fc\u00fcr\t\t\t\t<\/span>\n\t\t\t<\/h3>\n\t\t\n\n\t\t\t\t\t<div class=\"bdt-ep-advanced-icon-box-sub-title\">\n\t\t\t\tArendusjuht\t\t\t<\/div>\n\t\t\n\t\t\t\t\t\n\t\t\t\t\n\t\t\t\t\t\t\t\t\t<div class=\"bdt-ep-advanced-icon-box-description\">\n\t\t\t\t\t\t<p>Maret on l\u00f5petanud Tartu \u00dclikoolis farmaatsiamagistri eriala ja f\u00fcsioteraapia bakalaureuse \u00f5ppekava\u00a0<em>cum laude<\/em>. Praegu on ta l\u00f5petamas Tartu \u00dclikoolis magistri\u00f5pinguid f\u00fcsioteraapia erialal. Ta on t\u00f6\u00f6tanud nii haiglas kui ka erapraksises, omandades laialdased teadmised ja praktilised oskused. <a href=\"https:\/\/utk.ee\/maret-muur-muofunktsionaalne-terapeut\/\"><strong>Loe lisa.<\/strong><\/a><\/p>\t\t\t\t\t<\/div>\n\t\t\t\t\n\t\t\t\t\t\t\t<\/div>\n\t\t<\/div>\n\n\t\t\n\t\t\n\t\t\t\t<\/div>\n\t\t\t\t\t<\/div>\n\t\t<\/div>\n\t\t\t\t<div class=\"elementor-column elementor-col-33 elementor-inner-column elementor-element elementor-element-f68e6fb\" data-id=\"f68e6fb\" data-element_type=\"column\" data-e-type=\"column\">\n\t\t\t<div class=\"elementor-widget-wrap\">\n\t\t\t\t\t\t\t<\/div>\n\t\t<\/div>\n\t\t\t\t<div class=\"elementor-column elementor-col-33 elementor-inner-column elementor-element elementor-element-f3b076c\" data-id=\"f3b076c\" data-element_type=\"column\" data-e-type=\"column\">\n\t\t\t<div class=\"elementor-widget-wrap\">\n\t\t\t\t\t\t\t<\/div>\n\t\t<\/div>\n\t\t\t\t\t<\/div>\n\t\t<\/section>\n\t\t\t\t\t<\/div>\n\t\t<\/div>\n\t\t\t\t\t<\/div>\n\t\t<\/div>\n\t\t\t\t<\/div>\n\t\t","protected":false},"excerpt":{"rendered":"<p>Meist \u00dclemiste Tervisekliinik kasvas aastal 2026 v\u00e4lja kahe tugeva ettev\u00f5tte, Terviseuuringud ja \u00dclemiste F\u00fcsioteraapiakliinik \u00fchinemisel. Kliinikul on 3 peamist osakonda: f\u00fcsioteraapia, terviseuuringud [&hellip;]<\/p>\n","protected":false},"author":4,"featured_media":0,"parent":0,"menu_order":0,"comment_status":"closed","ping_status":"closed","template":"","meta":{"iawp_total_views":492,"footnotes":""},"class_list":["post-2086","page","type-page","status-publish","hentry"],"yoast_head":"<!-- This site is optimized with the Yoast SEO plugin v27.4 - https:\/\/yoast.com\/product\/yoast-seo-wordpress\/ -->\n<title>Ettev\u00f5ttest - \u00dclemiste Tervisekliinik<\/title>\n<meta name=\"robots\" content=\"index, follow, max-snippet:-1, max-image-preview:large, max-video-preview:-1\" \/>\n<link rel=\"canonical\" href=\"https:\/\/utk.ee\/en\/ettevottest\/\" \/>\n<meta property=\"og:locale\" content=\"en_US\" \/>\n<meta property=\"og:type\" content=\"article\" \/>\n<meta property=\"og:title\" content=\"Ettev\u00f5ttest - \u00dclemiste Tervisekliinik\" \/>\n<meta property=\"og:description\" content=\"Meist \u00dclemiste Tervisekliinik kasvas aastal 2026 v\u00e4lja kahe tugeva ettev\u00f5tte, Terviseuuringud ja \u00dclemiste F\u00fcsioteraapiakliinik \u00fchinemisel. Kliinikul on 3 peamist osakonda: f\u00fcsioteraapia, terviseuuringud [&hellip;]\" \/>\n<meta property=\"og:url\" content=\"https:\/\/utk.ee\/en\/ettevottest\/\" \/>\n<meta property=\"og:site_name\" content=\"\u00dclemiste Tervisekliinik\" \/>\n<meta property=\"article:modified_time\" content=\"2026-04-29T18:14:09+00:00\" \/>\n<meta property=\"og:image\" content=\"https:\/\/utk.ee\/wp-content\/uploads\/2025\/11\/WEB_095_DR_Entoni-Timmo_Kaart_ametiportree-pildid_Fotograaf-Evelin-Elmest-768x512.jpg\" \/>\n<meta name=\"twitter:card\" content=\"summary_large_image\" \/>\n<meta name=\"twitter:label1\" content=\"Est. reading time\" \/>\n\t<meta name=\"twitter:data1\" content=\"12 minutes\" \/>\n<script type=\"application\/ld+json\" class=\"yoast-schema-graph\">{\"@context\":\"https:\\\/\\\/schema.org\",\"@graph\":[{\"@type\":\"WebPage\",\"@id\":\"https:\\\/\\\/utk.ee\\\/en\\\/ettevottest\\\/\",\"url\":\"https:\\\/\\\/utk.ee\\\/en\\\/ettevottest\\\/\",\"name\":\"Ettev\u00f5ttest - \u00dclemiste Tervisekliinik\",\"isPartOf\":{\"@id\":\"https:\\\/\\\/utk.ee\\\/en\\\/#website\"},\"primaryImageOfPage\":{\"@id\":\"https:\\\/\\\/utk.ee\\\/en\\\/ettevottest\\\/#primaryimage\"},\"image\":{\"@id\":\"https:\\\/\\\/utk.ee\\\/en\\\/ettevottest\\\/#primaryimage\"},\"thumbnailUrl\":\"https:\\\/\\\/utk.ee\\\/wp-content\\\/uploads\\\/2025\\\/11\\\/WEB_095_DR_Entoni-Timmo_Kaart_ametiportree-pildid_Fotograaf-Evelin-Elmest-768x512.jpg\",\"datePublished\":\"2025-10-23T10:50:25+00:00\",\"dateModified\":\"2026-04-29T18:14:09+00:00\",\"breadcrumb\":{\"@id\":\"https:\\\/\\\/utk.ee\\\/en\\\/ettevottest\\\/#breadcrumb\"},\"inLanguage\":\"en-US\",\"potentialAction\":[{\"@type\":\"ReadAction\",\"target\":[\"https:\\\/\\\/utk.ee\\\/en\\\/ettevottest\\\/\"]}]},{\"@type\":\"ImageObject\",\"inLanguage\":\"en-US\",\"@id\":\"https:\\\/\\\/utk.ee\\\/en\\\/ettevottest\\\/#primaryimage\",\"url\":\"https:\\\/\\\/utk.ee\\\/wp-content\\\/uploads\\\/2025\\\/11\\\/WEB_095_DR_Entoni-Timmo_Kaart_ametiportree-pildid_Fotograaf-Evelin-Elmest-768x512.jpg\",\"contentUrl\":\"https:\\\/\\\/utk.ee\\\/wp-content\\\/uploads\\\/2025\\\/11\\\/WEB_095_DR_Entoni-Timmo_Kaart_ametiportree-pildid_Fotograaf-Evelin-Elmest-768x512.jpg\"},{\"@type\":\"BreadcrumbList\",\"@id\":\"https:\\\/\\\/utk.ee\\\/en\\\/ettevottest\\\/#breadcrumb\",\"itemListElement\":[{\"@type\":\"ListItem\",\"position\":1,\"name\":\"Home\",\"item\":\"https:\\\/\\\/utk.ee\\\/en\\\/\"},{\"@type\":\"ListItem\",\"position\":2,\"name\":\"Ettev\u00f5ttest\"}]},{\"@type\":\"WebSite\",\"@id\":\"https:\\\/\\\/utk.ee\\\/en\\\/#website\",\"url\":\"https:\\\/\\\/utk.ee\\\/en\\\/\",\"name\":\"\u00dclemiste Tervisekliinik\",\"description\":\"Terviseuuringud, f\u00fcsioteraapia, muud terviseteenused\",\"publisher\":{\"@id\":\"https:\\\/\\\/utk.ee\\\/en\\\/#organization\"},\"potentialAction\":[{\"@type\":\"SearchAction\",\"target\":{\"@type\":\"EntryPoint\",\"urlTemplate\":\"https:\\\/\\\/utk.ee\\\/en\\\/?s={search_term_string}\"},\"query-input\":{\"@type\":\"PropertyValueSpecification\",\"valueRequired\":true,\"valueName\":\"search_term_string\"}}],\"inLanguage\":\"en-US\"},{\"@type\":\"Organization\",\"@id\":\"https:\\\/\\\/utk.ee\\\/en\\\/#organization\",\"name\":\"\u00dclemiste Tervisekliinik\",\"url\":\"https:\\\/\\\/utk.ee\\\/en\\\/\",\"logo\":{\"@type\":\"ImageObject\",\"inLanguage\":\"en-US\",\"@id\":\"https:\\\/\\\/utk.ee\\\/en\\\/#\\\/schema\\\/logo\\\/image\\\/\",\"url\":\"https:\\\/\\\/utk.ee\\\/wp-content\\\/uploads\\\/2026\\\/02\\\/cropped-Ulemiste-Tervisekliinik-fusioteraapia-kruoteraapia-terviseauditid.png\",\"contentUrl\":\"https:\\\/\\\/utk.ee\\\/wp-content\\\/uploads\\\/2026\\\/02\\\/cropped-Ulemiste-Tervisekliinik-fusioteraapia-kruoteraapia-terviseauditid.png\",\"width\":512,\"height\":512,\"caption\":\"\u00dclemiste Tervisekliinik\"},\"image\":{\"@id\":\"https:\\\/\\\/utk.ee\\\/en\\\/#\\\/schema\\\/logo\\\/image\\\/\"}}]}<\/script>\n<!-- \/ Yoast SEO plugin. -->","yoast_head_json":{"title":"Ettev\u00f5ttest - \u00dclemiste Tervisekliinik","robots":{"index":"index","follow":"follow","max-snippet":"max-snippet:-1","max-image-preview":"max-image-preview:large","max-video-preview":"max-video-preview:-1"},"canonical":"https:\/\/utk.ee\/en\/ettevottest\/","og_locale":"en_US","og_type":"article","og_title":"Ettev\u00f5ttest - \u00dclemiste Tervisekliinik","og_description":"Meist \u00dclemiste Tervisekliinik kasvas aastal 2026 v\u00e4lja kahe tugeva ettev\u00f5tte, Terviseuuringud ja \u00dclemiste F\u00fcsioteraapiakliinik \u00fchinemisel. Kliinikul on 3 peamist osakonda: f\u00fcsioteraapia, terviseuuringud [&hellip;]","og_url":"https:\/\/utk.ee\/en\/ettevottest\/","og_site_name":"\u00dclemiste Tervisekliinik","article_modified_time":"2026-04-29T18:14:09+00:00","og_image":[{"url":"https:\/\/utk.ee\/wp-content\/uploads\/2025\/11\/WEB_095_DR_Entoni-Timmo_Kaart_ametiportree-pildid_Fotograaf-Evelin-Elmest-768x512.jpg","type":"","width":"","height":""}],"twitter_card":"summary_large_image","twitter_misc":{"Est. reading time":"12 minutes"},"schema":{"@context":"https:\/\/schema.org","@graph":[{"@type":"WebPage","@id":"https:\/\/utk.ee\/en\/ettevottest\/","url":"https:\/\/utk.ee\/en\/ettevottest\/","name":"Ettev\u00f5ttest - \u00dclemiste Tervisekliinik","isPartOf":{"@id":"https:\/\/utk.ee\/en\/#website"},"primaryImageOfPage":{"@id":"https:\/\/utk.ee\/en\/ettevottest\/#primaryimage"},"image":{"@id":"https:\/\/utk.ee\/en\/ettevottest\/#primaryimage"},"thumbnailUrl":"https:\/\/utk.ee\/wp-content\/uploads\/2025\/11\/WEB_095_DR_Entoni-Timmo_Kaart_ametiportree-pildid_Fotograaf-Evelin-Elmest-768x512.jpg","datePublished":"2025-10-23T10:50:25+00:00","dateModified":"2026-04-29T18:14:09+00:00","breadcrumb":{"@id":"https:\/\/utk.ee\/en\/ettevottest\/#breadcrumb"},"inLanguage":"en-US","potentialAction":[{"@type":"ReadAction","target":["https:\/\/utk.ee\/en\/ettevottest\/"]}]},{"@type":"ImageObject","inLanguage":"en-US","@id":"https:\/\/utk.ee\/en\/ettevottest\/#primaryimage","url":"https:\/\/utk.ee\/wp-content\/uploads\/2025\/11\/WEB_095_DR_Entoni-Timmo_Kaart_ametiportree-pildid_Fotograaf-Evelin-Elmest-768x512.jpg","contentUrl":"https:\/\/utk.ee\/wp-content\/uploads\/2025\/11\/WEB_095_DR_Entoni-Timmo_Kaart_ametiportree-pildid_Fotograaf-Evelin-Elmest-768x512.jpg"},{"@type":"BreadcrumbList","@id":"https:\/\/utk.ee\/en\/ettevottest\/#breadcrumb","itemListElement":[{"@type":"ListItem","position":1,"name":"Home","item":"https:\/\/utk.ee\/en\/"},{"@type":"ListItem","position":2,"name":"Ettev\u00f5ttest"}]},{"@type":"WebSite","@id":"https:\/\/utk.ee\/en\/#website","url":"https:\/\/utk.ee\/en\/","name":"\u00dclemiste Tervisekliinik","description":"Terviseuuringud, f\u00fcsioteraapia, muud terviseteenused","publisher":{"@id":"https:\/\/utk.ee\/en\/#organization"},"potentialAction":[{"@type":"SearchAction","target":{"@type":"EntryPoint","urlTemplate":"https:\/\/utk.ee\/en\/?s={search_term_string}"},"query-input":{"@type":"PropertyValueSpecification","valueRequired":true,"valueName":"search_term_string"}}],"inLanguage":"en-US"},{"@type":"Organization","@id":"https:\/\/utk.ee\/en\/#organization","name":"\u00dclemiste Tervisekliinik","url":"https:\/\/utk.ee\/en\/","logo":{"@type":"ImageObject","inLanguage":"en-US","@id":"https:\/\/utk.ee\/en\/#\/schema\/logo\/image\/","url":"https:\/\/utk.ee\/wp-content\/uploads\/2026\/02\/cropped-Ulemiste-Tervisekliinik-fusioteraapia-kruoteraapia-terviseauditid.png","contentUrl":"https:\/\/utk.ee\/wp-content\/uploads\/2026\/02\/cropped-Ulemiste-Tervisekliinik-fusioteraapia-kruoteraapia-terviseauditid.png","width":512,"height":512,"caption":"\u00dclemiste Tervisekliinik"},"image":{"@id":"https:\/\/utk.ee\/en\/#\/schema\/logo\/image\/"}}]}},"_links":{"self":[{"href":"https:\/\/utk.ee\/en\/wp-json\/wp\/v2\/pages\/2086","targetHints":{"allow":["GET"]}}],"collection":[{"href":"https:\/\/utk.ee\/en\/wp-json\/wp\/v2\/pages"}],"about":[{"href":"https:\/\/utk.ee\/en\/wp-json\/wp\/v2\/types\/page"}],"author":[{"embeddable":true,"href":"https:\/\/utk.ee\/en\/wp-json\/wp\/v2\/users\/4"}],"replies":[{"embeddable":true,"href":"https:\/\/utk.ee\/en\/wp-json\/wp\/v2\/comments?post=2086"}],"version-history":[{"count":449,"href":"https:\/\/utk.ee\/en\/wp-json\/wp\/v2\/pages\/2086\/revisions"}],"predecessor-version":[{"id":9468,"href":"https:\/\/utk.ee\/en\/wp-json\/wp\/v2\/pages\/2086\/revisions\/9468"}],"wp:attachment":[{"href":"https:\/\/utk.ee\/en\/wp-json\/wp\/v2\/media?parent=2086"}],"curies":[{"name":"wp","href":"https:\/\/api.w.org\/{rel}","templated":true}]}}